{"id":10648,"date":"2022-03-28T13:36:11","date_gmt":"2022-03-28T13:36:11","guid":{"rendered":"https:\/\/www.trzy.be\/?post_type=portfolios&#038;p=10648"},"modified":"2022-10-27T16:14:55","modified_gmt":"2022-10-27T16:14:55","slug":"dom-w-gorach-v2","status":"publish","type":"portfolios","link":"https:\/\/www.trzy.be\/?portfolios=dom-w-gorach-v2","title":{"rendered":"Dom w G\u00f3rach V2"},"content":{"rendered":"<div  class=\"one\" style=\"padding:0px 0 0px 0;\" >\n<div class=\"page_content_wrapper withbg \" style=\"background-image:url(https:\/\/www.trzy.be\/wp-content\/uploads\/2022\/02\/P050_C-scena-9.jpg);background-size:cover;background-position:center center;height:910px;position:relative;\"><\/div>\n<\/div>\n<div class=\"standard_wrapper\">\n<div  class=\"one_third withsmallpadding ppb_header \" style=\"text-align:left;padding:30px 0 30px 0;\" >\n<div class=\"page_content_wrapper\">\n<div class=\"inner\">\n<div style=\"margin:auto;width:100%\">\n<h2 class=\"ppb_title\" style=\"\">Dom w G\u00f3rach V2<\/h2>\n<hr class=\"title_break left\" style=\"\"\/>\n<div class=\"ppb_header_content\">\n<p><strong>Zakres opracowania:<\/strong>Projekt koncepcyjny, projekt budowlany i wykonawczy budynku jednorodzinnego, projekt wn\u0119trz<br \/>\n<strong>Powierzchnia u\u017cytkowa budynku:<\/strong> 240 m2<br \/>\n<strong>Inwestor:<\/strong> Prywatny<br \/>\n<strong>Projekt: <\/strong>2021<br \/>\n<strong>Realizacja: <\/strong>2022 &#8211; &#8230;&#8230;.<\/p>\n<\/div>\n<\/div>\n<\/div>\n<\/div>\n<\/div>\n<\/div>\n<div class=\"standard_wrapper\">\n<div  class=\"two_third last withsmallpadding ppb_text\" style=\"padding:30px 0 30px 0;\" >\n<div class=\"standard_wrapper\">\n<div class=\"page_content_wrapper\">\n<div class=\"inner\">\n<div style=\"margin:auto;width:100%\">\n<p>Wykonanie projektu domu w G\u00f3rach Sowich by\u0142o dla nas du\u017c\u0105 przygod\u0105. Sami odk\u0105d pami\u0119tamy jeste\u015bmy mi\u0142o\u015bnikami g\u00f3rskich wycieczek oraz narciarstwa i to w\u0142a\u015bnie g\u00f3ry s\u0105 pierwsz\u0105 my\u015bl\u0105 gdy my\u015blimy \u201ewakacje\u201d. Dlatego kwestie problem\u00f3w z kt\u00f3rymi ma si\u0119 zmierzy\u0107 budynek oraz jego u\u017cytkownik w klimacie g\u00f3rskim nie by\u0142y dla nas obce.<\/p>\n<p>Naszym zadaniem by\u0142o zaprojektowanie obiektu, kt\u00f3ry w pierwszej kolejno\u015bci ma si\u0119 sta\u0107 miejscem weekendowego lub wakacyjnego wypoczynku dla ca\u0142ej rodziny. Dzieci inwestor\u00f3w sami ju\u017c s\u0105 doros\u0142ymi lud\u017ami zak\u0142adaj\u0105cymi swoje rodziny. Dom mia\u0142 by\u0107 te\u017c tak pomy\u015blany by w przysz\u0142o\u015bci m\u00f3g\u0142 pe\u0142ni\u0107 rol\u0119 domu sta\u0142ego, gdy Inwestorzy uznaj\u0105, \u017ce to czas na zako\u0144czenie wyzwa\u0144 zawodowych i skupienie si\u0119 na aktywno\u015bci w\u015br\u00f3d pi\u0119knej przyrody.<\/p>\n<p>Czynnikiem kt\u00f3ry mia\u0142 bardzo du\u017cy wp\u0142yw na ukszta\u0142towanie budynku jest dzia\u0142ka, kt\u00f3ra jest bardzo stroma. Teren nie jest zbyt rozleg\u0142y a jednak pomi\u0119dzy najwy\u017cszym a najni\u017cszym punktem jest 14m r\u00f3\u017cnicy. Dodatkowo wjazd na dzia\u0142k\u0119 jest przewidziany w cz\u0119\u015bci kt\u00f3ra jest po\u0142o\u017cona najwy\u017cej. Chc\u0105c by wszyscy mieszka\u0144cy mogli przez wi\u0119kszo\u015b\u0107 czasu cieszy\u0107 si\u0119 przestrzeni\u0105 wysokich wn\u0119trz oraz pi\u0119knym widokiem na g\u00f3ry zdecydowali\u015bmy, \u017ce rozleg\u0142a cz\u0119\u015b\u0107 dzienna z przylegaj\u0105cym tarasem oraz jedn\u0105 sypialni\u0105 zostanie zlokalizowany na pi\u0119trze. Pozosta\u0142e 3 sypialnie, \u0142azienki, gara\u017c dwustanowiskowy oraz cz\u0119\u015b\u0107 techniczna zosta\u0142y lokalizowane na parterze. Ukszta\u0142towanie terenu sprawi\u0142o jednak, \u017ce to w\u0142a\u015bnie pi\u0119tro z salonem jest t\u0105 kondygnacj\u0105 na kt\u00f3r\u0105 mo\u017cemy si\u0119 dosta\u0107 bezpo\u015brednio po zaparkowaniu samochod\u00f3w pod wiat\u0105, kt\u00f3ra jest po\u0142\u0105czona zadaszonym mostkiem z g\u0142\u00f3wn\u0105 bry\u0142\u0105 domu. Takie rozwi\u0105zanie pozwoli go\u015bciom pomimo kapry\u015bnej g\u00f3rskiej pogody przyjecha\u0107 do miejsca schronienia i such\u0105 nog\u0105 przej\u015b\u0107 do domu by rozgrza\u0107 si\u0119 ciep\u0142\u0105 herbat\u0105.<\/p>\n<p>Bardzo nam zale\u017ca\u0142o by budynek nie wyr\u00f3\u017cnia\u0142 si\u0119 z otoczenia st\u0105d zastosowanie na elewacji naturalnych materia\u0142\u00f3w jak kamie\u0144 oraz deski modrzewiowe. Takie materia\u0142y b\u0119d\u0105 si\u0119 bardzo szlachetnie starze\u0107 wraz z up\u0142ywem czasu co b\u0119dzie nadawa\u0142o budynkowi charakteru. Na czas nieobecno\u015bci inwestor\u00f3w budynek b\u0119dzie si\u0119 zamyka\u0142 przy pomocy atomatycznych okiennic. Okiennice na pi\u0119trze s\u0105 pokryte takim samym materia\u0142em jak \u015bciany co sprawi, \u017ce okna praktycznie znikn\u0105. Okiennice na parterze b\u0119d\u0105 pokryte blach\u0105 perforowan\u0105 w kolorze czarnym.<\/p>\n<\/div>\n<\/div>\n<\/div>\n<\/div>\n<\/div>\n<\/div>\n<div class=\"divider one\">&nbsp;<\/div>\n<div class=\"divider one\">&nbsp;<\/div>\n<div class=\"divider one\">&nbsp;<\/div>\n<div  class=\"ppb_gallery_mixed_grid one nopadding \" >\n<div class=\"standard_wrapper\">\n<div id=\"1666887295537766440\" class=\"portfolio_mixed_filter_wrapper gallery portfolio-content section content clearfix three_cols contain\" data-columns=\"3\" data-gutter=\"30\">\n<div class=\"element grid classic3_cols double_size kenburns\">\n<div class=\"one_third gallery3 double_size gallery_type filterable static1\"><a data-rel=\"photography_gallery_10650\" data-caption=\"\" href=\"https:\/\/www.trzy.be\/wp-content\/uploads\/2022\/02\/P050_C-scena-9.jpg\"  class=\"fancy-gallery\"><img decoding=\"async\" src=\"https:\/\/www.trzy.be\/wp-content\/uploads\/2022\/02\/P050_C-scena-9-987x740.jpg\" alt=\"\"\/><\/a><\/div>\n<\/div>\n<div class=\"element grid classic3_cols normal_size kenburns\">\n<div class=\"one_third gallery3 normal_size gallery_type filterable static2\"><a data-rel=\"photography_gallery_10650\" data-caption=\"\" href=\"https:\/\/www.trzy.be\/wp-content\/uploads\/2022\/02\/P050_C-scena-10.jpg\"  class=\"fancy-gallery\"><img decoding=\"async\" src=\"https:\/\/www.trzy.be\/wp-content\/uploads\/2022\/02\/P050_C-scena-10-705x529.jpg\" alt=\"\"\/><\/a><\/div>\n<\/div>\n<div class=\"element grid classic3_cols normal_size kenburns\">\n<div class=\"one_third gallery3 normal_size gallery_type filterable static3\"><a data-rel=\"photography_gallery_10650\" data-caption=\"\" href=\"https:\/\/www.trzy.be\/wp-content\/uploads\/2022\/02\/P050_C-scena-5.jpg\"  class=\"fancy-gallery\"><img decoding=\"async\" src=\"https:\/\/www.trzy.be\/wp-content\/uploads\/2022\/02\/P050_C-scena-5-705x529.jpg\" alt=\"\"\/><\/a><\/div>\n<\/div>\n<div class=\"element grid classic3_cols normal_size kenburns\">\n<div class=\"one_third gallery3 normal_size gallery_type filterable static4\"><a data-rel=\"photography_gallery_10650\" data-caption=\"\" href=\"https:\/\/www.trzy.be\/wp-content\/uploads\/2022\/02\/P050_C-scena-6.jpg\"  class=\"fancy-gallery\"><img decoding=\"async\" src=\"https:\/\/www.trzy.be\/wp-content\/uploads\/2022\/02\/P050_C-scena-6-705x529.jpg\" alt=\"\"\/><\/a><\/div>\n<\/div>\n<div class=\"element grid classic3_cols double_size kenburns\">\n<div class=\"one_third gallery3 double_size gallery_type filterable static5\"><a data-rel=\"photography_gallery_10650\" data-caption=\"\" href=\"https:\/\/www.trzy.be\/wp-content\/uploads\/2022\/02\/P050_C-scena-7.jpg\"  class=\"fancy-gallery\"><img decoding=\"async\" src=\"https:\/\/www.trzy.be\/wp-content\/uploads\/2022\/02\/P050_C-scena-7-987x740.jpg\" alt=\"\"\/><\/a><\/div>\n<\/div>\n<div class=\"element grid classic3_cols normal_size kenburns\">\n<div class=\"one_third gallery3 normal_size gallery_type filterable static6\"><a data-rel=\"photography_gallery_10650\" data-caption=\"\" href=\"https:\/\/www.trzy.be\/wp-content\/uploads\/2022\/02\/P050_C-scena-8.jpg\"  class=\"fancy-gallery\"><img decoding=\"async\" src=\"https:\/\/www.trzy.be\/wp-content\/uploads\/2022\/02\/P050_C-scena-8-705x529.jpg\" alt=\"\"\/><\/a><\/div>\n<\/div>\n<div class=\"element grid classic3_cols double_size kenburns\">\n<div class=\"one_third gallery3 double_size gallery_type filterable static7\"><a data-rel=\"photography_gallery_10650\" data-caption=\"\" href=\"https:\/\/www.trzy.be\/wp-content\/uploads\/2022\/02\/P050_C-scena-2.jpg\"  class=\"fancy-gallery\"><img decoding=\"async\" src=\"https:\/\/www.trzy.be\/wp-content\/uploads\/2022\/02\/P050_C-scena-2-987x740.jpg\" alt=\"\"\/><\/a><\/div>\n<\/div>\n<div class=\"element grid classic3_cols normal_size kenburns\">\n<div class=\"one_third gallery3 normal_size gallery_type filterable static8\"><a data-rel=\"photography_gallery_10650\" data-caption=\"\" href=\"https:\/\/www.trzy.be\/wp-content\/uploads\/2022\/02\/P050_C-scena-3.jpg\"  class=\"fancy-gallery\"><img decoding=\"async\" src=\"https:\/\/www.trzy.be\/wp-content\/uploads\/2022\/02\/P050_C-scena-3-705x529.jpg\" alt=\"\"\/><\/a><\/div>\n<\/div>\n<div class=\"element grid classic3_cols normal_size kenburns\">\n<div class=\"one_third gallery3 normal_size gallery_type filterable static9\"><a data-rel=\"photography_gallery_10650\" data-caption=\"\" href=\"https:\/\/www.trzy.be\/wp-content\/uploads\/2022\/02\/P050_C-scena-4.jpg\"  class=\"fancy-gallery\"><img decoding=\"async\" src=\"https:\/\/www.trzy.be\/wp-content\/uploads\/2022\/02\/P050_C-scena-4-705x529.jpg\" alt=\"\"\/><\/a><\/div>\n<\/div>\n<\/div>\n<\/div>\n<\/div>\n<div  class=\"one withsmallpadding ppb_header \" style=\"text-align:left;padding:30px 0 30px 0;\" >\n<div class=\"standard_wrapper\">\n<div class=\"page_content_wrapper\">\n<div class=\"inner\">\n<div style=\"margin:auto;width:100%\">\n<div class=\"ppb_subtitle\" style=\"\">linki do artyku\u0142\u00f3w<\/div>\n<h2 class=\"ppb_title\" style=\"\">O PROJEKCIE NAPISALI:<\/h2>\n<\/div>\n<\/div>\n<\/div>\n<\/div>\n<\/div>\n<div class=\"standard_wrapper\">\n<div  class=\"one_third withsmallpadding ppb_text\" style=\"padding:30px 0 30px 0;\" >\n<div class=\"standard_wrapper\">\n<div class=\"page_content_wrapper\">\n<div class=\"inner\">\n<div style=\"margin:auto;width:100%\">\n<p><a href=\"http:\/\/nowoczesnastodola.pl\/ciemna-odslona-domu-w-gorach-sowich\" rel=\"noopener\" target=\"_blank\"><img loading=\"lazy\" decoding=\"async\" loading=\"lazy\" src=\"https:\/\/www.trzy.be\/wp-content\/uploads\/2021\/12\/Zrzut-ekranu-2022-02-2-o-19.04.50.png\" alt=\"\" width=\"678\" height=\"212\" class=\"alignnone size-full wp-image-10445\" \/><\/a><\/p>\n<\/div>\n<\/div>\n<\/div>\n<\/div>\n<\/div>\n<\/div>\n","protected":false},"excerpt":{"rendered":"<p>Projekt domu wakacyjnego \/ 2021<\/p>\n","protected":false},"featured_media":10492,"comment_status":"closed","ping_status":"closed","template":"","portfoliosets":[4,48],"class_list":["post-10648","portfolios","type-portfolios","status-publish","has-post-thumbnail","hentry","portfoliosets-archi","portfoliosets-wybrane"],"_links":{"self":[{"href":"https:\/\/www.trzy.be\/index.php?rest_route=\/wp\/v2\/portfolios\/10648","targetHints":{"allow":["GET"]}}],"collection":[{"href":"https:\/\/www.trzy.be\/index.php?rest_route=\/wp\/v2\/portfolios"}],"about":[{"href":"https:\/\/www.trzy.be\/index.php?rest_route=\/wp\/v2\/types\/portfolios"}],"replies":[{"embeddable":true,"href":"https:\/\/www.trzy.be\/index.php?rest_route=%2Fwp%2Fv2%2Fcomments&post=10648"}],"wp:featuredmedia":[{"embeddable":true,"href":"https:\/\/www.trzy.be\/index.php?rest_route=\/wp\/v2\/media\/10492"}],"wp:attachment":[{"href":"https:\/\/www.trzy.be\/index.php?rest_route=%2Fwp%2Fv2%2Fmedia&parent=10648"}],"wp:term":[{"taxonomy":"portfoliosets","embeddable":true,"href":"https:\/\/www.trzy.be\/index.php?rest_route=%2Fwp%2Fv2%2Fportfoliosets&post=10648"}],"curies":[{"name":"wp","href":"https:\/\/api.w.org\/{rel}","templated":true}]}}