{"id":11236,"date":"2022-09-21T09:03:19","date_gmt":"2022-09-21T09:03:19","guid":{"rendered":"https:\/\/www.trzy.be\/?post_type=portfolios&#038;p=11236"},"modified":"2024-01-31T13:45:58","modified_gmt":"2024-01-31T13:45:58","slug":"d053-v2","status":"publish","type":"portfolios","link":"https:\/\/www.trzy.be\/?portfolios=d053-v2","title":{"rendered":"Dom w Zielonej G\u00f3rze D053"},"content":{"rendered":"<div  class=\"one\" style=\"padding:0px 0 0px 0;\" >\n<div class=\"page_content_wrapper withbg \" style=\"background-image:url(https:\/\/www.trzy.be\/wp-content\/uploads\/2022\/05\/V2_2d__Scena-1_front.jpg);background-size:cover;background-position:center center;height:890px;position:relative;\"><\/div>\n<\/div>\n<div class=\"standard_wrapper\">\n<div  class=\"one_third withsmallpadding ppb_header \" style=\"text-align:left;padding:30px 0 30px 0;\" >\n<div class=\"page_content_wrapper\">\n<div class=\"inner\">\n<div style=\"margin:auto;width:100%\">\n<h2 class=\"ppb_title\" style=\"\">Dom w Zielonej G\u00f3rze<\/h2>\n<hr class=\"title_break left\" style=\"\"\/>\n<div class=\"ppb_header_content\">\n<p><strong>Zakres opracowania:<\/strong>Projekt koncepcyjny, projekt budowlany i wykonawczy budynku jednorodzinnego, kompleksowy projekt wn\u0119trz<br \/>\n<strong>Powierzchnia u\u017cytkowa budynku:<\/strong> 280 m2<br \/>\n<strong>Inwestor:<\/strong> Prywatny<br \/>\n<strong>Projekt: <\/strong>2022<br \/>\n<strong>Realizacja: <\/strong>2023 &#8211; &#8230;&#8230;.<\/p>\n<\/div>\n<\/div>\n<\/div>\n<\/div>\n<\/div>\n<\/div>\n<div class=\"standard_wrapper\">\n<div  class=\"two_third last withsmallpadding ppb_text\" style=\"padding:30px 0 30px 0;\" >\n<div class=\"standard_wrapper\">\n<div class=\"page_content_wrapper\">\n<div class=\"inner\">\n<div style=\"margin:auto;width:100%\">\n<p>Punktem wyj\u015bcia do zaprojektowania tego domu by\u0142o wpasowanie bry\u0142y na dzia\u0142ce o do\u015b\u0107 trudnym trapezowym kszta\u0142cie, przy niezbyt korzystnej lokalizacji wzgl\u0119dem stron \u015bwiata \u2013 wjazd na dzia\u0142k\u0119 zlokalizowany jest  od strony po\u0142udniowej. Jedn\u0105 z wytycznych naszych inwestor\u00f3w by\u0142o marzenie o posiadaniu zewn\u0119trznego, odkrytego basenu, kt\u00f3ry przez wi\u0119kszo\u015b\u0107 dnia ma by\u0107 sk\u0105pany w s\u0142o\u0144cu, by w ten spos\u00f3b naturalnie podgrzewa\u0107 wod\u0119. Nie by\u0142o to \u0142atwe, by jednocze\u015bnie zapewni\u0107 inwestorom prywatno\u015b\u0107 i komfort podczas wypoczynku na tarasie i przy basenie.<\/p>\n<p>Program zak\u0142ada\u0142 na parterze przestronn\u0105 cz\u0119\u015b\u0107 dzienn\u0105, z wydzielon\u0105 drzwiami kuchni\u0105. Spi\u017carni\u0119, garderob\u0119, dwustanowiskowy gara\u017c oraz pok\u00f3j gier z przestrzeni\u0105 do wygodnego ogl\u0105dania film\u00f3w, czy grania na konsoli.<br \/>\nNa pi\u0119trze umieszczone s\u0105 dwa wygodne pokoje dzieci\u0119ce z w\u0142asn\u0105 \u0142azienk\u0105, pralnia, biuro do pracy zdalnej oraz strefa sypialni, z prywatn\u0105 garderob\u0105 i \u0142azienk\u0105, kt\u00f3ra pomie\u015bci\u0142a r\u00f3wnie\u017c saun\u0119.<\/p>\n<p>Bry\u0142a to dwie stodo\u0142y, gdzie dolna mie\u015bci stref\u0119 dzienn\u0105, a g\u00f3rna stref\u0119 prywatn\u0105, sypialnie i biuro. G\u00f3rna stodo\u0142a jest od strony ulicy lekko nadwieszona, dzi\u0119ki czemu ca\u0142y budynek wygl\u0105da niestandardowo, ciekawie i lekko. Od strony ogrodu do budynku dostawiona jest pergola, cz\u0119\u015bciowo pe\u0142na gdzie mo\u017cna schowa\u0107 si\u0119 przed deszczem, a cz\u0119\u015bciowo a\u017curowa, by wpuszcza\u0142a \u015bwiat\u0142o do salonu, a jednak dawa\u0142a cie\u0144 na tarasie w upalne dni.  <\/p>\n<p>Elewacja pokryta jest szar\u0105 p\u0142ytk\u0105 klinkierow\u0105, zwie\u0144czona zadaszeniem z czarnej blachy na r\u0105bek. Szczytowe elewacje g\u00f3rnej bry\u0142y wie\u0144cz\u0105 strzeliste trapezowe okna, dopasowane do k\u0105ta po\u0142aci dachowych, kt\u00f3re zapewni\u0105 du\u017co dziennego \u015bwiat\u0142a w przestronnych sypialniach.  Korytarze i  \u0142azienki do\u015bwietlone s\u0105 za pomoc\u0105 okien dachowych.<\/p>\n<\/div>\n<\/div>\n<\/div>\n<\/div>\n<\/div>\n<\/div>\n<div class=\"standard_wrapper\">\n<div  class=\"one\" style=\"padding:30px 0 30px 0;\" >\n<div class=\"page_content_wrapper nopadding\">\n<div class=\"inner\">\n<div class=\"slider_wrapper\" data-autoplay=\"1\" data-timer=\"5\">\n<div class=\"flexslider tg_gallery \" data-height=\"750\">\n<ul class=\"slides\">\n<li><img decoding=\"async\" src=\"https:\/\/www.trzy.be\/wp-content\/uploads\/2022\/10\/wizka-biala-2-slonce.jpg\" alt=\"\"\/>\n<div class=\"gallery_image_caption\"><\/div>\n<\/li>\n<li><img decoding=\"async\" src=\"https:\/\/www.trzy.be\/wp-content\/uploads\/2022\/10\/wizka-biala-slonce.jpg\" alt=\"\"\/>\n<div class=\"gallery_image_caption\"><\/div>\n<\/li>\n<\/ul>\n<\/div>\n<\/div>\n<\/div>\n<\/div>\n<\/div>\n<\/div>\n<div  class=\"ppb_gallery_mixed_grid one nopadding \" >\n<div class=\"standard_wrapper\">\n<div id=\"170670875861918240\" class=\"portfolio_mixed_filter_wrapper gallery portfolio-content section content clearfix three_cols contain\" data-columns=\"3\" data-gutter=\"30\">\n<div class=\"element grid classic3_cols double_size kenburns\">\n<div class=\"one_third gallery3 double_size gallery_type filterable static1\"><a data-rel=\"photography_gallery_11238\" data-caption=\"\" href=\"https:\/\/www.trzy.be\/wp-content\/uploads\/2022\/05\/V2_2d__Scena-1_front.jpg\"  class=\"fancy-gallery\"><img decoding=\"async\" src=\"https:\/\/www.trzy.be\/wp-content\/uploads\/2022\/05\/V2_2d__Scena-1_front-987x740.jpg\" alt=\"\"\/><\/a><\/div>\n<\/div>\n<div class=\"element grid classic3_cols normal_size kenburns\">\n<div class=\"one_third gallery3 normal_size gallery_type filterable static2\"><a data-rel=\"photography_gallery_11238\" data-caption=\"\" href=\"https:\/\/www.trzy.be\/wp-content\/uploads\/2022\/05\/V2_2d__Scena-5-ulica-garaz.jpg\"  class=\"fancy-gallery\"><img decoding=\"async\" src=\"https:\/\/www.trzy.be\/wp-content\/uploads\/2022\/05\/V2_2d__Scena-5-ulica-garaz-705x529.jpg\" alt=\"\"\/><\/a><\/div>\n<\/div>\n<div class=\"element grid classic3_cols normal_size kenburns\">\n<div class=\"one_third gallery3 normal_size gallery_type filterable static3\"><a data-rel=\"photography_gallery_11238\" data-caption=\"\" href=\"https:\/\/www.trzy.be\/wp-content\/uploads\/2022\/05\/V2_2d__Scena-12.jpg\"  class=\"fancy-gallery\"><img decoding=\"async\" src=\"https:\/\/www.trzy.be\/wp-content\/uploads\/2022\/05\/V2_2d__Scena-12-705x529.jpg\" alt=\"\"\/><\/a><\/div>\n<\/div>\n<div class=\"element grid classic3_cols normal_size kenburns\">\n<div class=\"one_third gallery3 normal_size gallery_type filterable static4\"><a data-rel=\"photography_gallery_11238\" data-caption=\"\" href=\"https:\/\/www.trzy.be\/wp-content\/uploads\/2022\/05\/V2_2d__Scena-16-ulica-salon-2.jpg\"  class=\"fancy-gallery\"><img decoding=\"async\" src=\"https:\/\/www.trzy.be\/wp-content\/uploads\/2022\/05\/V2_2d__Scena-16-ulica-salon-2-705x529.jpg\" alt=\"\"\/><\/a><\/div>\n<\/div>\n<div class=\"element grid classic3_cols double_size kenburns\">\n<div class=\"one_third gallery3 double_size gallery_type filterable static5\"><a data-rel=\"photography_gallery_11238\" data-caption=\"\" href=\"https:\/\/www.trzy.be\/wp-content\/uploads\/2022\/09\/TARAS2.jpg\"  class=\"fancy-gallery\"><img decoding=\"async\" src=\"https:\/\/www.trzy.be\/wp-content\/uploads\/2022\/09\/TARAS2-987x740.jpg\" alt=\"\"\/><\/a><\/div>\n<\/div>\n<div class=\"element grid classic3_cols normal_size kenburns\">\n<div class=\"one_third gallery3 normal_size gallery_type filterable static6\"><a data-rel=\"photography_gallery_11238\" data-caption=\"\" href=\"https:\/\/www.trzy.be\/wp-content\/uploads\/2022\/09\/TARAS-2_3.jpg\"  class=\"fancy-gallery\"><img decoding=\"async\" src=\"https:\/\/www.trzy.be\/wp-content\/uploads\/2022\/09\/TARAS-2_3-705x529.jpg\" alt=\"\"\/><\/a><\/div>\n<\/div>\n<div class=\"element grid classic3_cols double_size kenburns\">\n<div class=\"one_third gallery3 double_size gallery_type filterable static7\"><a data-rel=\"photography_gallery_11238\" data-caption=\"\" href=\"https:\/\/www.trzy.be\/wp-content\/uploads\/2022\/05\/V2_2d__Scena-13.jpg\"  class=\"fancy-gallery\"><img decoding=\"async\" src=\"https:\/\/www.trzy.be\/wp-content\/uploads\/2022\/05\/V2_2d__Scena-13-987x740.jpg\" alt=\"\"\/><\/a><\/div>\n<\/div>\n<div class=\"element grid classic3_cols normal_size kenburns\">\n<div class=\"one_third gallery3 normal_size gallery_type filterable static8\"><a data-rel=\"photography_gallery_11238\" data-caption=\"\" href=\"https:\/\/www.trzy.be\/wp-content\/uploads\/2022\/05\/V2_2d__Scena-15.jpg\"  class=\"fancy-gallery\"><img decoding=\"async\" src=\"https:\/\/www.trzy.be\/wp-content\/uploads\/2022\/05\/V2_2d__Scena-15-705x529.jpg\" alt=\"\"\/><\/a><\/div>\n<\/div>\n<div class=\"element grid classic3_cols normal_size kenburns\">\n<div class=\"one_third gallery3 normal_size gallery_type filterable static9\"><a data-rel=\"photography_gallery_11238\" data-caption=\"\" href=\"https:\/\/www.trzy.be\/wp-content\/uploads\/2022\/05\/V2_2d__Scena-14.jpg\"  class=\"fancy-gallery\"><img decoding=\"async\" src=\"https:\/\/www.trzy.be\/wp-content\/uploads\/2022\/05\/V2_2d__Scena-14-705x529.jpg\" alt=\"\"\/><\/a><\/div>\n<\/div>\n<\/div>\n<\/div>\n<\/div>\n<div  class=\"one withsmallpadding ppb_header \" style=\"text-align:left;padding:30px 0 30px 0;\" >\n<div class=\"standard_wrapper\">\n<div class=\"page_content_wrapper\">\n<div class=\"inner\">\n<div style=\"margin:auto;width:100%\">\n<div class=\"ppb_subtitle\" style=\"\">linki do artyku\u0142\u00f3w<\/div>\n<h2 class=\"ppb_title\" style=\"\">o projekcie napisali<\/h2>\n<\/div>\n<\/div>\n<\/div>\n<\/div>\n<\/div>\n<div class=\"standard_wrapper\">\n<div  class=\"one_fourth withsmallpadding ppb_text\" style=\"padding:30px 0 30px 0;\" >\n<div class=\"standard_wrapper\">\n<div class=\"page_content_wrapper\">\n<div class=\"inner\">\n<div style=\"margin:auto;width:100%\">\n<p><a href=\"https:\/\/nowoczesnastodola.pl\/dom-z-basenem-wg-projektu-trzy-be-architekci\/\" rel=\"noopener\" target=\"_blank\"><img loading=\"lazy\" decoding=\"async\" loading=\"lazy\" src=\"https:\/\/www.trzy.be\/wp-content\/uploads\/2021\/12\/Zrzut-ekranu-2022-02-2-o-19.04.50.png\" alt=\"\" width=\"678\" height=\"212\" class=\"alignnone size-full wp-image-10445\" \/><\/a><\/p>\n<\/div>\n<\/div>\n<\/div>\n<\/div>\n<\/div>\n<\/div>\n<div class=\"standard_wrapper\">\n<div  class=\"one_fourth withsmallpadding ppb_text\" style=\"padding:30px 0 30px 0;\" >\n<div class=\"standard_wrapper\">\n<div class=\"page_content_wrapper\">\n<div class=\"inner\">\n<div style=\"margin:auto;width:100%\">\n<p><a href=\"https:\/\/plndesign.pl\/280-metrowy-dom-z-basenem-w-zielonej-gorze-nieoczywista-bryla-i-funkcjonalne-wnetrza\/\" rel=\"noopener\" target=\"_blank\"><img loading=\"lazy\" decoding=\"async\" loading=\"lazy\" src=\"https:\/\/www.trzy.be\/wp-content\/uploads\/2019\/06\/PLN-Design.jpg\" alt=\"\" width=\"1080\" height=\"380\" class=\"aligncenter size-full wp-image-4879\" \/><\/a><\/p>\n<\/div>\n<\/div>\n<\/div>\n<\/div>\n<\/div>\n<\/div>\n<div class=\"standard_wrapper\">\n<div  class=\"one_fourth withsmallpadding ppb_text\" style=\"padding:30px 0 30px 0;\" >\n<div class=\"standard_wrapper\">\n<div class=\"page_content_wrapper\">\n<div class=\"inner\">\n<div style=\"margin:auto;width:100%\">\n<p><a href=\"https:\/\/domzcegly.pl\/projekty-architektow\/dzc-0733\" rel=\"noopener\" target=\"_blank\"><img loading=\"lazy\" decoding=\"async\" loading=\"lazy\" src=\"https:\/\/www.trzy.be\/wp-content\/uploads\/2022\/09\/dom_z_cegly_LOGO.png\" alt=\"\" width=\"392\" height=\"90\" class=\"alignnone size-full wp-image-13173\" \/><\/a><\/p>\n<\/div>\n<\/div>\n<\/div>\n<\/div>\n<\/div>\n<\/div>\n<div class=\"standard_wrapper\">\n<div  class=\"one_fourth last withsmallpadding ppb_text\" style=\"padding:30px 0 30px 0;\" >\n<div class=\"standard_wrapper\">\n<div class=\"page_content_wrapper\">\n<div class=\"inner\">\n<div style=\"margin:auto;width:100%\">\n<p><a href=\"https:\/\/archello.com\/project\/house-in-zielona-gora\" rel=\"noopener\" target=\"_blank\"><img loading=\"lazy\" decoding=\"async\" loading=\"lazy\" src=\"https:\/\/www.trzy.be\/wp-content\/uploads\/2022\/03\/archello-e1647941080862.png\" alt=\"\" width=\"900\" height=\"267\" class=\"aligncenter size-full wp-image-10620\" \/><\/a><\/p>\n<\/div>\n<\/div>\n<\/div>\n<\/div>\n<\/div>\n<\/div>\n","protected":false},"excerpt":{"rendered":"<p>Projekt domu jednorodzinnego \/ 2022<\/p>\n","protected":false},"featured_media":10923,"comment_status":"closed","ping_status":"closed","template":"","portfoliosets":[4,48],"class_list":["post-11236","portfolios","type-portfolios","status-publish","has-post-thumbnail","hentry","portfoliosets-archi","portfoliosets-wybrane"],"_links":{"self":[{"href":"https:\/\/www.trzy.be\/index.php?rest_route=\/wp\/v2\/portfolios\/11236","targetHints":{"allow":["GET"]}}],"collection":[{"href":"https:\/\/www.trzy.be\/index.php?rest_route=\/wp\/v2\/portfolios"}],"about":[{"href":"https:\/\/www.trzy.be\/index.php?rest_route=\/wp\/v2\/types\/portfolios"}],"replies":[{"embeddable":true,"href":"https:\/\/www.trzy.be\/index.php?rest_route=%2Fwp%2Fv2%2Fcomments&post=11236"}],"wp:featuredmedia":[{"embeddable":true,"href":"https:\/\/www.trzy.be\/index.php?rest_route=\/wp\/v2\/media\/10923"}],"wp:attachment":[{"href":"https:\/\/www.trzy.be\/index.php?rest_route=%2Fwp%2Fv2%2Fmedia&parent=11236"}],"wp:term":[{"taxonomy":"portfoliosets","embeddable":true,"href":"https:\/\/www.trzy.be\/index.php?rest_route=%2Fwp%2Fv2%2Fportfoliosets&post=11236"}],"curies":[{"name":"wp","href":"https:\/\/api.w.org\/{rel}","templated":true}]}}