{"id":12305,"date":"2023-03-07T11:19:38","date_gmt":"2023-03-07T11:19:38","guid":{"rendered":"https:\/\/www.trzy.be\/?post_type=portfolios&#038;p=12305"},"modified":"2023-07-07T08:18:00","modified_gmt":"2023-07-07T08:18:00","slug":"dom-w-gorach-projekt-wnetrz","status":"publish","type":"portfolios","link":"https:\/\/www.trzy.be\/?portfolios=dom-w-gorach-projekt-wnetrz","title":{"rendered":"Dom w g\u00f3rach &#8211; Projekt wn\u0119trz"},"content":{"rendered":"<div  class=\"one withsmallpadding ppb_header \" style=\"text-align:center;padding:50px 0 50px 0;\" >\n<div class=\"standard_wrapper\">\n<div class=\"page_content_wrapper\">\n<div class=\"inner\">\n<div style=\"margin:auto;width:100%\">\n<h2 class=\"ppb_title\" style=\"\">Projekt wn\u0119trz domu wakacyjnego w g\u00f3rach<\/h2>\n<\/div>\n<\/div>\n<\/div>\n<\/div>\n<\/div>\n<div  class=\"one withsmallpadding ppb_header \" style=\"text-align:center;padding:30px 0 30px 0;\" >\n<div class=\"standard_wrapper\">\n<div class=\"page_content_wrapper\">\n<div class=\"inner\">\n<div style=\"margin:auto;width:100%\">\n<div class=\"ppb_subtitle\" style=\"\">KLIKNIJ ZDJ\u0118CIE PONI\u017bEJ I PRZESPACERUJ SI\u0118 PO WN\u0118TRZACH<\/div>\n<h2 class=\"ppb_title\" style=\"\"> <\/h2>\n<\/div>\n<\/div>\n<\/div>\n<\/div>\n<\/div>\n<div  class=\"one withsmallpadding ppb_text\" style=\"padding:30px 0 30px 0;\" >\n<div class=\"standard_wrapper\">\n<div class=\"page_content_wrapper\">\n<div class=\"inner\">\n<div style=\"margin:auto;width:100%\">\n<p><a href=\"https:\/\/www.trzy.be\/VR360\/p050jug\/int\/mini\/\" rel=\"noopener\" target=\"_blank\"><img loading=\"lazy\" decoding=\"async\" loading=\"lazy\" src=\"https:\/\/www.trzy.be\/wp-content\/uploads\/2022\/09\/001-A_Wiatrolap.jpg\" alt=\"\" width=\"1920\" height=\"960\" class=\"alignnone size-full wp-image-11285\" \/><\/a><\/p>\n<\/div>\n<\/div>\n<\/div>\n<\/div>\n<\/div>\n<div  class=\"one withsmallpadding ppb_header \" style=\"text-align:left;padding:30px 0 30px 0;\" >\n<div class=\"standard_wrapper\">\n<div class=\"page_content_wrapper\">\n<div class=\"inner\">\n<div style=\"margin:auto;width:100%\">\n<h2 class=\"ppb_title\" style=\"\">Wn\u0119trza domu jednorodzinnego<\/h2>\n<hr class=\"title_break left\" style=\"\"\/>\n<div class=\"ppb_header_content\">\n<p><strong style=\"font-style: italic; color: #222222;\">Zakres opracowania:<\/strong><span style=\"font-style: italic; color: #222222;\"> Projekt koncepcyjny wn\u0119trz domu wakacyjnego <\/span><br style=\"font-style: italic; color: #222222;\" \/><strong style=\"font-style: italic; color: #222222;\">Powierzchnia projektowana:\u00a0<\/strong><span style=\"font-style: italic; color: #222222;\">300 m2<\/span><br style=\"font-style: italic; color: #222222;\" \/><strong style=\"font-style: italic; color: #222222;\">Inwestor:\u00a0<\/strong><span style=\"font-style: italic; color: #222222;\">Prywatny<\/span><br style=\"font-style: italic; color: #222222;\" \/><strong style=\"font-style: italic; color: #222222;\">Projekt:<\/strong><span style=\"font-style: italic; color: #222222;\"> 2022<\/span><br style=\"font-style: italic; color: #222222;\" \/><strong style=\"font-style: italic; color: #222222;\"><\/p>\n<\/div>\n<\/div>\n<\/div>\n<\/div>\n<\/div>\n<\/div>\n","protected":false},"excerpt":{"rendered":"<p>Projekt wn\u0119trz domu wakacyjnego \/ 2022<\/p>\n","protected":false},"featured_media":12307,"comment_status":"closed","ping_status":"closed","template":"","portfoliosets":[37,5,48],"class_list":["post-12305","portfolios","type-portfolios","status-publish","has-post-thumbnail","hentry","portfoliosets-vr-360","portfoliosets-wnetrza","portfoliosets-wybrane"],"_links":{"self":[{"href":"https:\/\/www.trzy.be\/index.php?rest_route=\/wp\/v2\/portfolios\/12305","targetHints":{"allow":["GET"]}}],"collection":[{"href":"https:\/\/www.trzy.be\/index.php?rest_route=\/wp\/v2\/portfolios"}],"about":[{"href":"https:\/\/www.trzy.be\/index.php?rest_route=\/wp\/v2\/types\/portfolios"}],"replies":[{"embeddable":true,"href":"https:\/\/www.trzy.be\/index.php?rest_route=%2Fwp%2Fv2%2Fcomments&post=12305"}],"wp:featuredmedia":[{"embeddable":true,"href":"https:\/\/www.trzy.be\/index.php?rest_route=\/wp\/v2\/media\/12307"}],"wp:attachment":[{"href":"https:\/\/www.trzy.be\/index.php?rest_route=%2Fwp%2Fv2%2Fmedia&parent=12305"}],"wp:term":[{"taxonomy":"portfoliosets","embeddable":true,"href":"https:\/\/www.trzy.be\/index.php?rest_route=%2Fwp%2Fv2%2Fportfoliosets&post=12305"}],"curies":[{"name":"wp","href":"https:\/\/api.w.org\/{rel}","templated":true}]}}