{"id":12672,"date":"2023-06-30T09:51:17","date_gmt":"2023-06-30T09:51:17","guid":{"rendered":"https:\/\/www.trzy.be\/?post_type=portfolios&#038;p=12672"},"modified":"2026-03-23T11:50:19","modified_gmt":"2026-03-23T11:50:19","slug":"054-dom-we-wroclawiu-wkrotce","status":"publish","type":"portfolios","link":"https:\/\/www.trzy.be\/?portfolios=054-dom-we-wroclawiu-wkrotce","title":{"rendered":"054 Dom we Wroc\u0142awiu"},"content":{"rendered":"<div  class=\"one\" style=\"padding:0px 0 0px 0;\" >\n<div class=\"slider_wrapper\" data-autoplay=\"1\" data-timer=\"5\">\n<div class=\"flexslider tg_gallery fullwidth\" data-height=\"750\">\n<ul class=\"slides\">\n<li><img decoding=\"async\" src=\"https:\/\/www.trzy.be\/wp-content\/uploads\/2022\/09\/054_wieczor2__SC-11-od-ogrodu-1.jpg\" alt=\"\"\/>\n<div class=\"gallery_image_caption\"><\/div>\n<\/li>\n<li><img decoding=\"async\" src=\"https:\/\/www.trzy.be\/wp-content\/uploads\/2023\/06\/054_dzienne__SC-11-od-ogrodu-1.jpg\" alt=\"\"\/>\n<div class=\"gallery_image_caption\"><\/div>\n<\/li>\n<\/ul>\n<\/div>\n<\/div>\n<\/div>\n<div class=\"standard_wrapper\">\n<div  class=\"one_third withsmallpadding ppb_header \" style=\"text-align:left;padding:30px 0 30px 0;\" >\n<div class=\"page_content_wrapper\">\n<div class=\"inner\">\n<div style=\"margin:auto;width:100%\">\n<h2 class=\"ppb_title\" style=\"\">Dom we Wroc\u0142awiu<\/h2>\n<hr class=\"title_break left\" style=\"\"\/>\n<div class=\"ppb_header_content\">\n<p><strong>Zakres opracowania:<\/strong> Projekt koncepcyjny, projekt budowlany i wykonawczy budynku jednorodzinnego, projekt wn\u0119trz<br \/>\n<strong>Powierzchnia budynku:<\/strong> 285 m2<br \/>\n<strong>Inwestor:<\/strong> Prywatny<br \/>\n<strong>Lokalizacja:<\/strong> Wroc\u0142aw<br \/>\n<strong>Projekt: <\/strong>2022<br \/>\n<strong>Realizacja: <\/strong>2023 &#8211; &#8230;&#8230;.<\/p>\n<\/div>\n<\/div>\n<\/div>\n<\/div>\n<\/div>\n<\/div>\n<div class=\"standard_wrapper\">\n<div  class=\"two_third last withsmallpadding ppb_text\" style=\"padding:30px 0 30px 0;\" >\n<div class=\"standard_wrapper\">\n<div class=\"page_content_wrapper\">\n<div class=\"inner\">\n<div style=\"margin:auto;width:100%\">\n<p>Dom we Wroc\u0142awiu by\u0142 dla nas sporym wyzwaniem \u2013 du\u017cym ograniczeniem by\u0142 niecodzienny, nieforemny kszta\u0142t dzia\u0142ki, oraz usytuowanie wjazdu \u2013 dojazd do budynku znajduje si\u0119 pomi\u0119dzy istniej\u0105cymi budynkami, wi\u0119c przy projektowaniu mieli\u015bmy wiele ogranicze\u0144.<br \/>\nSama dzia\u0142ka nie jest te\u017c zbyt du\u017ca, a w za\u0142o\u017conym przez inwestor\u00f3w planie funkcjonalnym poza standardowymi pomieszczeniami mieszkalnymi dla rodziny 2+2 musieli\u015bmy przewidzie\u0107 r\u00f3wnie\u017c spore, bo a\u017c 40-metrowe pomieszczenie pracowni artystycznej  dla inwestorki.<br \/>\n W zwi\u0105zku z zami\u0142owaniem do sztuki inwestor\u00f3w nie bali\u015bmy si\u0119 zaproponowa\u0107  bardziej odwa\u017cnej formy \u2013 taras przy cz\u0119\u015bci dziennej oraz wiata na dwa samochody maj\u0105 zadaszenie wcinaj\u0105ce si\u0119 dynamicznie w bry\u0142\u0119 budynku nadaj\u0105c mu lekko\u015bci, zapewniaj\u0105c cz\u0119\u015bciowe zacienienie tarasu oraz przekrycie doj\u015bcia do budynku z samochod\u00f3w.<br \/>\nNa parterze budynku znajduje si\u0119 prawie 70metrowa przestrze\u0144 salonu z kuchni\u0105 i jadalni\u0105, kt\u00f3re wychodz\u0105 na du\u017cy taras i ogr\u00f3d, do kuchni przylega ukryta spi\u017carnia. Na taras wychodzi te\u017c pok\u00f3j go\u015bcinny pe\u0142ni\u0105cy funkcj\u0119 gabinetu, na parterze znajduje si\u0119 te\u017c wiatro\u0142ap, \u0142azienka dla go\u015bci oraz pracownia. Na pi\u0119trze znajduj\u0105 si\u0119 dwa przestronne pokoje dzieci, spora sypialnia z prywatn\u0105 garderob\u0105, du\u017ca \u0142azienka i pomieszczenia gospodarcze.<br \/>\nZastosowane na budynku materia\u0142y to deska naturalna w kolorze miodowym oraz ciemnografitowe p\u0142yty w\u0142\u00f3kno cementowe. <\/p>\n<p>Nied\u0142ugo udost\u0119pnimy r\u00f3wnie\u017c do obejrzenia zajawk\u0119 projektu wn\u0119trz.<\/p>\n<\/div>\n<\/div>\n<\/div>\n<\/div>\n<\/div>\n<\/div>\n<div  class=\"ppb_gallery_mixed_grid one nopadding \" >\n<div class=\"standard_wrapper\">\n<div id=\"17742666191341459976\" class=\"portfolio_mixed_filter_wrapper gallery portfolio-content section content clearfix three_cols contain\" data-columns=\"3\" data-gutter=\"30\">\n<div class=\"element grid classic3_cols double_size kenburns\">\n<div class=\"one_third gallery3 double_size gallery_type gallery_image filterable static1\"><a data-rel=\"photography_gallery_11133\" data-caption=\"\" href=\"https:\/\/www.trzy.be\/wp-content\/uploads\/2022\/09\/054_wieczor__SC-2-plac-bez-samochodu.jpg\"  class=\"fancy-gallery\"><img decoding=\"async\" src=\"https:\/\/www.trzy.be\/wp-content\/uploads\/2022\/09\/054_wieczor__SC-2-plac-bez-samochodu-987x740.jpg\" alt=\"\"\/><\/a><\/div>\n<\/div>\n<div class=\"element grid classic3_cols normal_size kenburns\">\n<div class=\"one_third gallery3 normal_size gallery_type gallery_image filterable static2\"><a data-rel=\"photography_gallery_11133\" data-caption=\"\" href=\"https:\/\/www.trzy.be\/wp-content\/uploads\/2022\/09\/054_wieczor__SC-3-wjazd-skos.jpg\"  class=\"fancy-gallery\"><img decoding=\"async\" src=\"https:\/\/www.trzy.be\/wp-content\/uploads\/2022\/09\/054_wieczor__SC-3-wjazd-skos-705x529.jpg\" alt=\"\"\/><\/a><\/div>\n<\/div>\n<div class=\"element grid classic3_cols normal_size kenburns\">\n<div class=\"one_third gallery3 normal_size gallery_type gallery_image filterable static3\"><a data-rel=\"photography_gallery_11133\" data-caption=\"\" href=\"https:\/\/www.trzy.be\/wp-content\/uploads\/2022\/09\/054_dzienne__SC-3-wjazd-skos.jpg\"  class=\"fancy-gallery\"><img decoding=\"async\" src=\"https:\/\/www.trzy.be\/wp-content\/uploads\/2022\/09\/054_dzienne__SC-3-wjazd-skos-705x529.jpg\" alt=\"\"\/><\/a><\/div>\n<\/div>\n<div class=\"element grid classic3_cols normal_size kenburns\">\n<div class=\"one_third gallery3 normal_size gallery_type gallery_image filterable static4\"><a data-rel=\"photography_gallery_11133\" data-caption=\"\" href=\"https:\/\/www.trzy.be\/wp-content\/uploads\/2022\/09\/054_wieczor__SC-4-wjazd-prosto.jpg\"  class=\"fancy-gallery\"><img decoding=\"async\" src=\"https:\/\/www.trzy.be\/wp-content\/uploads\/2022\/09\/054_wieczor__SC-4-wjazd-prosto-705x529.jpg\" alt=\"\"\/><\/a><\/div>\n<\/div>\n<div class=\"element grid classic3_cols double_size kenburns\">\n<div class=\"one_third gallery3 double_size gallery_type gallery_image filterable static5\"><a data-rel=\"photography_gallery_11133\" data-caption=\"\" href=\"https:\/\/www.trzy.be\/wp-content\/uploads\/2022\/09\/054_dzienne__SC-4-wjazd-prosto.jpg\"  class=\"fancy-gallery\"><img decoding=\"async\" src=\"https:\/\/www.trzy.be\/wp-content\/uploads\/2022\/09\/054_dzienne__SC-4-wjazd-prosto-987x740.jpg\" alt=\"\"\/><\/a><\/div>\n<\/div>\n<div class=\"element grid classic3_cols normal_size kenburns\">\n<div class=\"one_third gallery3 normal_size gallery_type gallery_image filterable static6\"><a data-rel=\"photography_gallery_11133\" data-caption=\"\" href=\"https:\/\/www.trzy.be\/wp-content\/uploads\/2022\/09\/054_wieczor__SC-5-droga-na-wiate.jpg\"  class=\"fancy-gallery\"><img decoding=\"async\" src=\"https:\/\/www.trzy.be\/wp-content\/uploads\/2022\/09\/054_wieczor__SC-5-droga-na-wiate-705x529.jpg\" alt=\"\"\/><\/a><\/div>\n<\/div>\n<div class=\"element grid classic3_cols double_size kenburns\">\n<div class=\"one_third gallery3 double_size gallery_type gallery_image filterable static7\"><a data-rel=\"photography_gallery_11133\" data-caption=\"\" href=\"https:\/\/www.trzy.be\/wp-content\/uploads\/2022\/09\/054_dzienne__SC-5-droga-na-wiate.jpg\"  class=\"fancy-gallery\"><img decoding=\"async\" src=\"https:\/\/www.trzy.be\/wp-content\/uploads\/2022\/09\/054_dzienne__SC-5-droga-na-wiate-987x740.jpg\" alt=\"\"\/><\/a><\/div>\n<\/div>\n<div class=\"element grid classic3_cols normal_size kenburns\">\n<div class=\"one_third gallery3 normal_size gallery_type gallery_image filterable static8\"><a data-rel=\"photography_gallery_11133\" data-caption=\"\" href=\"https:\/\/www.trzy.be\/wp-content\/uploads\/2022\/09\/054_wieczor__SC-6-podcien.jpg\"  class=\"fancy-gallery\"><img decoding=\"async\" src=\"https:\/\/www.trzy.be\/wp-content\/uploads\/2022\/09\/054_wieczor__SC-6-podcien-705x529.jpg\" alt=\"\"\/><\/a><\/div>\n<\/div>\n<div class=\"element grid classic3_cols normal_size kenburns\">\n<div class=\"one_third gallery3 normal_size gallery_type gallery_image filterable static9\"><a data-rel=\"photography_gallery_11133\" data-caption=\"\" href=\"https:\/\/www.trzy.be\/wp-content\/uploads\/2022\/09\/054_wieczor__SC-7-podcien-zblizenie.jpg\"  class=\"fancy-gallery\"><img decoding=\"async\" src=\"https:\/\/www.trzy.be\/wp-content\/uploads\/2022\/09\/054_wieczor__SC-7-podcien-zblizenie-705x529.jpg\" alt=\"\"\/><\/a><\/div>\n<\/div>\n<div class=\"element grid classic3_cols normal_size kenburns\">\n<div class=\"one_third gallery3 normal_size gallery_type gallery_image filterable static10\"><a data-rel=\"photography_gallery_11133\" data-caption=\"\" href=\"https:\/\/www.trzy.be\/wp-content\/uploads\/2022\/09\/054_dzienne__SC-7-podcien-zblizenie.jpg\"  class=\"fancy-gallery\"><img decoding=\"async\" src=\"https:\/\/www.trzy.be\/wp-content\/uploads\/2022\/09\/054_dzienne__SC-7-podcien-zblizenie-705x529.jpg\" alt=\"\"\/><\/a><\/div>\n<\/div>\n<div class=\"element grid classic3_cols double_size kenburns\">\n<div class=\"one_third gallery3 double_size gallery_type gallery_image filterable static11\"><a data-rel=\"photography_gallery_11133\" data-caption=\"\" href=\"https:\/\/www.trzy.be\/wp-content\/uploads\/2022\/09\/054_wieczor__SC-8-od-smietnika.jpg\"  class=\"fancy-gallery\"><img decoding=\"async\" src=\"https:\/\/www.trzy.be\/wp-content\/uploads\/2022\/09\/054_wieczor__SC-8-od-smietnika-987x740.jpg\" alt=\"\"\/><\/a><\/div>\n<\/div>\n<div class=\"element grid classic3_cols normal_size kenburns\">\n<div class=\"one_third gallery3 normal_size gallery_type gallery_image filterable static12\"><a data-rel=\"photography_gallery_11133\" data-caption=\"\" href=\"https:\/\/www.trzy.be\/wp-content\/uploads\/2022\/09\/054_dzienne__SC-8-od-smietnika.jpg\"  class=\"fancy-gallery\"><img decoding=\"async\" src=\"https:\/\/www.trzy.be\/wp-content\/uploads\/2022\/09\/054_dzienne__SC-8-od-smietnika-705x529.jpg\" alt=\"\"\/><\/a><\/div>\n<\/div>\n<div class=\"element grid classic3_cols double_size kenburns\">\n<div class=\"one_third gallery3 double_size gallery_type gallery_image filterable static13\"><a data-rel=\"photography_gallery_11133\" data-caption=\"\" href=\"https:\/\/www.trzy.be\/wp-content\/uploads\/2022\/09\/054_wieczor__SC-9-od-sasiada.jpg\"  class=\"fancy-gallery\"><img decoding=\"async\" src=\"https:\/\/www.trzy.be\/wp-content\/uploads\/2022\/09\/054_wieczor__SC-9-od-sasiada-987x740.jpg\" alt=\"\"\/><\/a><\/div>\n<\/div>\n<div class=\"element grid classic3_cols normal_size kenburns\">\n<div class=\"one_third gallery3 normal_size gallery_type gallery_image filterable static14\"><a data-rel=\"photography_gallery_11133\" data-caption=\"\" href=\"https:\/\/www.trzy.be\/wp-content\/uploads\/2022\/09\/054_wieczor__SC-10-wiata-2.jpg\"  class=\"fancy-gallery\"><img decoding=\"async\" src=\"https:\/\/www.trzy.be\/wp-content\/uploads\/2022\/09\/054_wieczor__SC-10-wiata-2-705x529.jpg\" alt=\"\"\/><\/a><\/div>\n<\/div>\n<div class=\"element grid classic3_cols normal_size kenburns\">\n<div class=\"one_third gallery3 normal_size gallery_type gallery_image filterable static15\"><a data-rel=\"photography_gallery_11133\" data-caption=\"\" href=\"https:\/\/www.trzy.be\/wp-content\/uploads\/2022\/09\/054_wieczor2__SC-11-od-ogrodu-1.jpg\"  class=\"fancy-gallery\"><img decoding=\"async\" src=\"https:\/\/www.trzy.be\/wp-content\/uploads\/2022\/09\/054_wieczor2__SC-11-od-ogrodu-1-705x529.jpg\" alt=\"\"\/><\/a><\/div>\n<\/div>\n<div class=\"element grid classic3_cols normal_size kenburns\">\n<div class=\"one_third gallery3 normal_size gallery_type gallery_image filterable static16\"><a data-rel=\"photography_gallery_11133\" data-caption=\"\" href=\"https:\/\/www.trzy.be\/wp-content\/uploads\/2022\/09\/054_dzienne__SC-11-od-ogrodu-1.jpg\"  class=\"fancy-gallery\"><img decoding=\"async\" src=\"https:\/\/www.trzy.be\/wp-content\/uploads\/2022\/09\/054_dzienne__SC-11-od-ogrodu-1-705x529.jpg\" alt=\"\"\/><\/a><\/div>\n<\/div>\n<div class=\"element grid classic3_cols double_size kenburns\">\n<div class=\"one_third gallery3 double_size gallery_type gallery_image filterable static17\"><a data-rel=\"photography_gallery_11133\" data-caption=\"\" href=\"https:\/\/www.trzy.be\/wp-content\/uploads\/2022\/09\/054_wieczor__SC-12-od-ogrodu-2.jpg\"  class=\"fancy-gallery\"><img decoding=\"async\" src=\"https:\/\/www.trzy.be\/wp-content\/uploads\/2022\/09\/054_wieczor__SC-12-od-ogrodu-2-987x740.jpg\" alt=\"\"\/><\/a><\/div>\n<\/div>\n<div class=\"element grid classic3_cols normal_size kenburns\">\n<div class=\"one_third gallery3 normal_size gallery_type gallery_image filterable static18\"><a data-rel=\"photography_gallery_11133\" data-caption=\"\" href=\"https:\/\/www.trzy.be\/wp-content\/uploads\/2022\/09\/054_dzienne__SC-12-od-ogrodu-2.jpg\"  class=\"fancy-gallery\"><img decoding=\"async\" src=\"https:\/\/www.trzy.be\/wp-content\/uploads\/2022\/09\/054_dzienne__SC-12-od-ogrodu-2-705x529.jpg\" alt=\"\"\/><\/a><\/div>\n<\/div>\n<div class=\"element grid classic3_cols double_size kenburns\">\n<div class=\"one_third gallery3 double_size gallery_type gallery_image filterable static19\"><a data-rel=\"photography_gallery_11133\" data-caption=\"\" href=\"https:\/\/www.trzy.be\/wp-content\/uploads\/2022\/09\/054_wieczor__SC-13-taras-zblizenie.jpg\"  class=\"fancy-gallery\"><img decoding=\"async\" src=\"https:\/\/www.trzy.be\/wp-content\/uploads\/2022\/09\/054_wieczor__SC-13-taras-zblizenie-987x740.jpg\" alt=\"\"\/><\/a><\/div>\n<\/div>\n<div class=\"element grid classic3_cols normal_size kenburns\">\n<div class=\"one_third gallery3 normal_size gallery_type gallery_image filterable static20\"><a data-rel=\"photography_gallery_11133\" data-caption=\"\" href=\"https:\/\/www.trzy.be\/wp-content\/uploads\/2022\/09\/054_wieczor__SC-14-na-stol.jpg\"  class=\"fancy-gallery\"><img decoding=\"async\" src=\"https:\/\/www.trzy.be\/wp-content\/uploads\/2022\/09\/054_wieczor__SC-14-na-stol-705x529.jpg\" alt=\"\"\/><\/a><\/div>\n<\/div>\n<\/div>\n<\/div>\n<\/div>\n<div  class=\"one withsmallpadding \" >\n<div class=\"standard_wrapper\">\n<div class=\"page_content_wrapper\" style=\"text-align:center\">\n<div class=\"inner\">\n<div class=\"testimonial_slider_wrapper\">\n<div class=\"flexslider\" data-height=\"750\">\n<ul class=\"slides\">\n<li>\n<div class=\"testimonial_slider_wrapper\">Na TRZY.BE Architekci trafili\u015bmy przypadkiem przegl\u0105daj\u0105c zdj\u0119cia i projekty dom\u00f3w. Estetyka od razu przypad\u0142a nam do gustu. Stwierdzili\u015bmy, \u017ce ch\u0119tnie zobaczymy co wymy\u015bl\u0105 na nasz\u0105 pokr\u0119con\u0105 dzia\u0142k\u0119 o bardzo nieregularnym kszta\u0142cie.<br \/>\nJu\u017c na pocz\u0105tku Pan Filip namawia\u0142 nas na kompleksowy projekt &#8211; architektura oraz wyko\u0144czenie wn\u0119trz. Pocz\u0105tkowo nie byli\u015bmy do tej koncepcji przekonani (ze wzgl\u0119du na \u0142\u0105czne wysokie koszty) ale ostatecznie trafi\u0142y do nas argumenty Pana Filipa i powierzyli\u015bmy im ca\u0142o\u015b\u0107 projektu. I to by\u0142 strza\u0142 w dziesi\u0105tk\u0119! Sp\u00f3jno\u015b\u0107 ca\u0142ego budynku jest zauwa\u017calna w niemal ka\u017cdym detalu. Zaproponowane rozwi\u0105zania by\u0142y kompleksowe dzi\u0119ki czemu \u0142atwiej by\u0142o nam zrozumie\u0107 niekt\u00f3re nieoczywiste &#8222;smaczki&#8221;. Z perspektywy czasu i zako\u0144czenia inwestycji \u015bmia\u0142o mog\u0119 powiedzie\u0107, \u017ce to najlepiej wydane pieni\u0105dze &#8211; to co otrzymali\u015bmy daleko przewy\u017csza zap\u0142acon\u0105 cen\u0119.<br \/>\nNasz dom jest przede wszystkim dobrze przemy\u015blany i naprawd\u0119 \u015bwietnie si\u0119 w nim mieszka. Atrakcyjno\u015b\u0107 projektu i realizacji co chwil\u0119 potwierdza spektakularne &#8222;O WOW&#8221; os\u00f3b, kt\u00f3re do nas przychodz\u0105.<br \/>\nSama wsp\u00f3\u0142praca przebiega\u0142a idealnie. Kontakt jest bardzo dobry i przede wszystkim szybki &#8211; nie trzeba czeka\u0107 tygodniami na rozwianie w\u0105tpliwo\u015bci, konsultacje z wykonawcami, zmiany w projekcie, wizualizacje nieco odmiennej koncepcji itd. Tutaj wszystko dzieje si\u0119 naprawd\u0119 szybko i bezproblemowo. Na \u017cadnym etapie nie czuli\u015bmy, \u017ce jeste\u015bmy namolni czy upierdliwi (a zdecydowanie tacy byli\u015bmy) \ud83d\ude09<br \/>\nPan Filip fenomenalnie zaopiekowa\u0142 si\u0119 nami i przeprowadzi\u0142 nas przez ca\u0142y proces od wst\u0119pne koncepcji poprzez uzyskanie warunk\u00f3w zabudowy, uzyskanie pozwolenia, wszystkich ustale\u0144, uzgodnie\u0144 a\u017c po zako\u0144czenie budowy. Znajomi, kt\u00f3rzy tak\u017ce budowali si\u0119 w tym samym czasie zd\u0105\u017cyli osiwie\u0107 i kilka razy chcieli sprzedawa\u0107 rozgrzebane budowy a u nas, dzi\u0119ki &#8222;zrzuceniu&#8221; papierologii na TRZY.BE, wszystko sz\u0142o p\u0142ynnie i bezproblemowo.<br \/>\nDzi\u0119kujemy za wyrozumia\u0142o\u015b\u0107 i za pi\u0119kny projekt! <\/p>\n<div class=\"testimonial_slider_meta\">\n<div class=\"testimonial_image animated\" data-animation=\"bigEntrance\"><img decoding=\"async\" class=\"team_pic\" src=\"https:\/\/www.trzy.be\/wp-content\/uploads\/2022\/09\/054_wieczor__SC-6-podcien-150x150.jpg\" alt=\"Agata i Wojtek\"\/><\/div>\n<h6 >Agata i Wojtek<\/h6>\n<p>&#8211;<\/p>\n<div class=\"testimonial_customer_company\"><a href=\"https:\/\/www.trzy.be\/?portfolios=054-dom-we-wroclawiu-wkrotce\" target=\"_blank\" >LINK DO PROJEKTU<\/a><\/div>\n<\/div>\n<\/div>\n<\/li>\n<\/ul>\n<\/div>\n<\/div>\n<\/div>\n<\/div>\n<\/div>\n<\/div>\n<div  class=\"one withsmallpadding ppb_header \" style=\"text-align:left;padding:30px 0 30px 0;\" >\n<div class=\"standard_wrapper\">\n<div class=\"page_content_wrapper\">\n<div class=\"inner\">\n<div style=\"margin:auto;width:100%\">\n<div class=\"ppb_subtitle\" style=\"\">Linki do artyku\u0142\u00f3w<\/div>\n<h2 class=\"ppb_title\" style=\"\">O projekcie napisali<\/h2>\n<\/div>\n<\/div>\n<\/div>\n<\/div>\n<\/div>\n<div class=\"standard_wrapper\">\n<div  class=\"one_fourth withsmallpadding ppb_text\" style=\"padding:30px 0 30px 0;\" >\n<div class=\"standard_wrapper\">\n<div class=\"page_content_wrapper\">\n<div class=\"inner\">\n<div style=\"margin:auto;width:100%\">\n<p><a href=\"https:\/\/nowoczesnastodola.pl\/inspiracje\/dom-we-wroclawiu\/\" rel=\"noopener\" target=\"_blank\"><img loading=\"lazy\" loading=\"lazy\" loading=\"lazy\" decoding=\"async\" src=\"https:\/\/www.trzy.be\/wp-content\/uploads\/2023\/06\/Zrzut-ekranu-2022-02-2-o-19.04.50.png\" alt=\"\" width=\"678\" height=\"212\" class=\"alignnone size-full wp-image-13077\" \/><\/a><\/p>\n<\/div>\n<\/div>\n<\/div>\n<\/div>\n<\/div>\n<\/div>\n<div class=\"standard_wrapper\">\n<div  class=\"one_fourth withsmallpadding ppb_text\" style=\"padding:30px 0 30px 0;\" >\n<div class=\"standard_wrapper\">\n<div class=\"page_content_wrapper\">\n<div class=\"inner\">\n<div style=\"margin:auto;width:100%\">\n<p><a href=\"https:\/\/archello.com\/project\/house-in-wroclaw\" rel=\"noopener\" target=\"_blank\"><img loading=\"lazy\" loading=\"lazy\" loading=\"lazy\" decoding=\"async\" src=\"https:\/\/www.trzy.be\/wp-content\/uploads\/2022\/03\/archello-e1647941080862.png\" alt=\"\" width=\"900\" height=\"267\" class=\"aligncenter size-full wp-image-10620\" \/><\/a><\/p>\n<\/div>\n<\/div>\n<\/div>\n<\/div>\n<\/div>\n<\/div>\n","protected":false},"excerpt":{"rendered":"<p>Projekt domu jednorodzinnego \/ 2022<\/p>\n","protected":false},"featured_media":11131,"comment_status":"closed","ping_status":"closed","template":"","portfoliosets":[4,48],"class_list":["post-12672","portfolios","type-portfolios","status-publish","has-post-thumbnail","hentry","portfoliosets-archi","portfoliosets-wybrane"],"_links":{"self":[{"href":"https:\/\/www.trzy.be\/index.php?rest_route=\/wp\/v2\/portfolios\/12672","targetHints":{"allow":["GET"]}}],"collection":[{"href":"https:\/\/www.trzy.be\/index.php?rest_route=\/wp\/v2\/portfolios"}],"about":[{"href":"https:\/\/www.trzy.be\/index.php?rest_route=\/wp\/v2\/types\/portfolios"}],"replies":[{"embeddable":true,"href":"https:\/\/www.trzy.be\/index.php?rest_route=%2Fwp%2Fv2%2Fcomments&post=12672"}],"wp:featuredmedia":[{"embeddable":true,"href":"https:\/\/www.trzy.be\/index.php?rest_route=\/wp\/v2\/media\/11131"}],"wp:attachment":[{"href":"https:\/\/www.trzy.be\/index.php?rest_route=%2Fwp%2Fv2%2Fmedia&parent=12672"}],"wp:term":[{"taxonomy":"portfoliosets","embeddable":true,"href":"https:\/\/www.trzy.be\/index.php?rest_route=%2Fwp%2Fv2%2Fportfoliosets&post=12672"}],"curies":[{"name":"wp","href":"https:\/\/api.w.org\/{rel}","templated":true}]}}