{"id":4948,"date":"2019-06-09T09:59:01","date_gmt":"2019-06-09T09:59:01","guid":{"rendered":"https:\/\/www.trzy.be\/?post_type=portfolios&#038;p=4948"},"modified":"2023-12-11T11:50:34","modified_gmt":"2023-12-11T11:50:34","slug":"nowoczesna-stodola","status":"publish","type":"portfolios","link":"https:\/\/www.trzy.be\/?portfolios=nowoczesna-stodola","title":{"rendered":"Wsp\u00f3\u0142czesna stodo\u0142a"},"content":{"rendered":"<div  class=\"one\" style=\"padding:0px 0 0px 0;\" >\n<div class=\"page_content_wrapper withbg \" style=\"background-image:url(https:\/\/www.trzy.be\/wp-content\/uploads\/2019\/06\/A_C6_photoshop-5-1.jpg);background-size:cover;background-position:center bottom;height:800px;position:relative;\"><\/div>\n<\/div>\n<div class=\"standard_wrapper\">\n<div  class=\"one_third withsmallpadding ppb_header \" style=\"text-align:left;padding:30px 0 30px 0;\" >\n<div class=\"page_content_wrapper\">\n<div class=\"inner\">\n<div style=\"margin:auto;width:100%\">\n<div class=\"ppb_subtitle\" style=\"\">Projekt domu jednorodzinnego pod Poznaniem<\/div>\n<h2 class=\"ppb_title\" style=\"\">Wsp\u00f3\u0142czesna Stodo\u0142a<\/h2>\n<hr class=\"title_break left\" style=\"\"\/>\n<div class=\"ppb_header_content\">\n<p><strong style=\"font-style: italic; color: #222222;\">Zakres opracowania:<\/strong><span style=\"font-style: italic; color: #222222;\">Projekt koncepcyjny i budowlany budynku jednorodzinnego<\/span><br style=\"font-style: italic; color: #222222;\" \/><strong style=\"font-style: italic; color: #222222;\">Powierzchnia budynku:\u00a0<\/strong><span style=\"font-style: italic; color: #222222;\">160 m2<\/span><br style=\"font-style: italic; color: #222222;\" \/><strong style=\"font-style: italic; color: #222222;\">Inwestor:\u00a0<\/strong><span style=\"font-style: italic; color: #222222;\">Prywatny<\/span><br style=\"font-style: italic; color: #222222;\" \/><strong style=\"font-style: italic; color: #222222;\">Projekt:<\/strong><span style=\"font-style: italic; color: #222222;\"> 2019<\/span><br style=\"font-style: italic; color: #222222;\" \/><strong style=\"font-style: italic; color: #222222;\">Realizacja:\u00a0<\/strong><span style=\"font-style: italic; color: #222222;\"> 2020-<\/p>\n<\/div>\n<\/div>\n<\/div>\n<\/div>\n<\/div>\n<\/div>\n<div class=\"standard_wrapper\">\n<div  class=\"two_third last withsmallpadding ppb_text\" style=\"padding:30px 0 30px 0;\" >\n<div class=\"standard_wrapper\">\n<div class=\"page_content_wrapper\">\n<div class=\"inner\">\n<div style=\"margin:auto;width:100%\">\n<p>Ka\u017cdy dom powinien by\u0107 wyj\u0105tkowy. Na jego funkcj\u0119 i form\u0119 maj\u0105 wp\u0142yw oczekiwania klient\u00f3w, wielko\u015b\u0107 dzia\u0142ki i jej unikatowe usytuowanie wzgl\u0119dem otoczenia. Tak te\u017c jest w przypadku domu jednorodzinnego, kt\u00f3ry zaprojektowali\u015bmy dla naszych klient\u00f3w. <\/p>\n<p>USYTUOWANIE BUDYNKU NA DZIA\u0141CE<br \/>\nDzia\u0142ka na kt\u00f3rej ma stan\u0105\u0107 dom jest stosunkowo du\u017ca, jednak przeci\u0119ta lini\u0105 niskiego napi\u0119cia. W znaczny spos\u00f3b ograniczy\u0142o to mo\u017cliwo\u015b\u0107 zabudowy dzia\u0142ki i zmusi\u0142o nas do zlokalizowania domu w jej p\u00f3\u0142nocnej cz\u0119\u015bci.<\/p>\n<p>OGRANICZENIA PROJEKTOWE<br \/>\nOtoczenie dzia\u0142ki jest nietypowe. Od po\u0142udnia mamy drog\u0119 krajow\u0105 a od wschodu i zachodu dzia\u0142ka graniczy z drogami wewn\u0119trznymi prowadz\u0105cymi do s\u0105siednich posesji. Od p\u00f3\u0142nocy natomiast przylega do s\u0105siada, kt\u00f3ry w odleg\u0142o\u015bci 4 m od wsp\u00f3lnej granicy buduje ju\u017c sw\u00f3j dom. Oznacza to brak  strefy ca\u0142kowicie prywatnej. <\/p>\n<p>Klientom bardzo zale\u017ca\u0142o na tym by zlokalizowa\u0107 cz\u0119\u015b\u0107 dzienn\u0105 (salon, jadalni\u0119, kuchni\u0119) oraz swoj\u0105 sypialni\u0119 wraz z prywatn\u0105 \u0142azienk\u0105 i garderob\u0105 na parterze. Dodatkowo blisko przy strefie rodzic\u00f3w mieli\u015bmy zaprojektowa\u0107 pok\u00f3j, kt\u00f3ry m\u00f3g\u0142by pos\u0142u\u017cy\u0107 dzieciom w pierwszych latach \u017cycia zanim rodzice zdecyduj\u0105 si\u0119 przenie\u015b\u0107 je do swoich pokoj\u00f3w, kt\u00f3re s\u0105 zaplanowane na pi\u0119trze. P\u00f3\u017aniej ten pok\u00f3j stanie si\u0119 pokojem go\u015bcinnym\/gabinetem. <\/p>\n<\/div>\n<\/div>\n<\/div>\n<\/div>\n<\/div>\n<\/div>\n<div  class=\"one withsmallpadding ppb_header \" style=\"text-align:left;padding:30px 0 30px 0;\" >\n<div class=\"standard_wrapper\">\n<div class=\"page_content_wrapper\">\n<div class=\"inner\">\n<div style=\"margin:auto;width:100%\">\n<h2 class=\"ppb_title\" style=\"\">SCHEMATY<\/h2>\n<\/div>\n<\/div>\n<\/div>\n<\/div>\n<\/div>\n<div class=\"standard_wrapper\">\n<div  class=\"one\" style=\"padding:30px 0 30px 0;\" >\n<div class=\"page_content_wrapper\">\n<div class=\"inner\">\n<div class=\"one_third\">\n<div class=\"image_classic_frame expand\">\n<div class=\"image_wrapper\"><a href=\"https:\/\/www.trzy.be\/wp-content\/uploads\/2019\/06\/B-1_800.jpg\" data-caption=\"\"  class=\"img_frame\"><img decoding=\"async\" src=\"https:\/\/www.trzy.be\/wp-content\/uploads\/2019\/06\/B-1_800.jpg\" alt=\"\" class=\"preview\"\/><\/a><\/div>\n<\/div>\n<\/div>\n<div class=\"one_third\">\n<div class=\"image_classic_frame expand\">\n<div class=\"image_wrapper\"><a href=\"https:\/\/www.trzy.be\/wp-content\/uploads\/2019\/06\/B-2_1300-a.jpg\" data-caption=\"\"  class=\"img_frame\"><img decoding=\"async\" src=\"https:\/\/www.trzy.be\/wp-content\/uploads\/2019\/06\/B-2_1300-a.jpg\" alt=\"\" class=\"preview\"\/><\/a><\/div>\n<\/div>\n<\/div>\n<div class=\"one_third last\">\n<div class=\"image_classic_frame expand\">\n<div class=\"image_wrapper\"><a href=\"https:\/\/www.trzy.be\/wp-content\/uploads\/2019\/06\/B-3_1700-a.jpg\" data-caption=\"\"  class=\"img_frame\"><img decoding=\"async\" src=\"https:\/\/www.trzy.be\/wp-content\/uploads\/2019\/06\/B-3_1700-a.jpg\" alt=\"\" class=\"preview\"\/><\/a><\/div>\n<\/div>\n<\/div>\n<\/div>\n<\/div>\n<\/div>\n<\/div>\n<div  class=\"one withsmallpadding ppb_text\" style=\"padding:30px 0 30px 0;\" >\n<div class=\"standard_wrapper\">\n<div class=\"page_content_wrapper\">\n<div class=\"inner\">\n<div style=\"margin:auto;width:100%\">\n<p>Po wnikliwej analizie plus\u00f3w i minus\u00f3w r\u00f3\u017cnych rozwi\u0105za\u0144 funkcjonalnych zdecydowali\u015bmy si\u0119 na mo\u017cliwie du\u017ce zamkni\u0119cie bry\u0142y budynku od stron s\u0105siaduj\u0105cych dr\u00f3g. Jednocze\u015bnie otworzyli\u015bmy wn\u0119trza w kierunku po\u0142udniowym &#8211;  na przestrze\u0144 rozleg\u0142ego ogrodu. Co prawda otwieramy si\u0119 tym te\u017c na drog\u0119, natomiast ogr\u00f3d jest tak du\u017cy, \u017ce nie b\u0119dzie si\u0119 tego odczuwa\u0142o a ro\u015blinno\u015b\u0107 wysoka i \u015brednia stworzy barier\u0119 wizualn\u0105 i akustyczn\u0105. <\/p>\n<p>Konsekwencj\u0105 tych wytycznych by\u0142o zlokalizowanie salonu i jadalni otwartych na po\u0142udnie oraz na zach\u00f3d tak by popo\u0142udniowe i wieczorne s\u0142o\u0144ce mog\u0142o penetrowa\u0107 w kontrolowany spos\u00f3b wn\u0119trza. Przylegaj\u0105ca do salonu sypialnia rodzic\u00f3w r\u00f3wnie\u017c skierowana na ogr\u00f3d, pozwala cieszy\u0107 si\u0119 widokiem zielonej przestrzeni ju\u017c od samego rana. Je\u015bli zapragniemy mo\u017cemy w kilka sekund wyj\u015b\u0107 na trawnik lub na taras.<br \/>\nOkno do \u0142azienki rodzic\u00f3w jest w taki spos\u00f3b ukryte za drewnianymi lamelami, \u017ce k\u0105pi\u0105c si\u0119 w wannie mo\u017cemy podziwia\u0107 widok na du\u017cy ogr\u00f3d przy jednoczesnym poczuciu intymno\u015bci i braku obaw o to, \u017ce kto\u015b z ulicy nas zobaczy.<br \/>\nZlokalizowanie tylu funkcji na parterze sprawi\u0142o, \u017ce pokoje dzieci, \u0142azienka i pomieszczenie gospodarcze zlokalizowane na pi\u0119trze zajmuj\u0105 tylko cz\u0119\u015b\u0107 powierzchni domu. Pozwoli\u0142o to na zaprojektowanie wysokich wn\u0119trz w salonie i jadalni i spe\u0142ni\u0107 tym kolejne z marze\u0144 inwestor\u00f3w. <\/p>\n<\/div>\n<\/div>\n<\/div>\n<\/div>\n<\/div>\n<div  class=\"one withsmallpadding ppb_text\" style=\"padding:30px 0 30px 0;\" >\n<div class=\"standard_wrapper\">\n<div class=\"page_content_wrapper\">\n<div class=\"inner\">\n<div style=\"margin:auto;width:100%\">\n<h4>BRY\u0141A BUDYNKU\/ ELEWACJA <\/h4>\n<p>Klientom zale\u017ca\u0142o na efektownym wygl\u0105dzie przy zachowaniu jak najmniejszej ilo\u015bci \u015brodk\u00f3w wyrazu. Z tego wzgl\u0119du zdecydowali\u015bmy si\u0119 na prost\u0105 form\u0119 budynku uzupe\u0142nion\u0105 jedynie o konstrukcje zadaszenia wej\u015bcia do budynku oraz dla samochod\u00f3w. Dodatkowo jako akcent w\u0142a\u015bnie w tej strefie zastosowali\u015bmy inny materia\u0142 elewacji \u2013 modrzew syberyjski. Wprowadzone drewniane pionowe lamele w pozosta\u0142ych cz\u0119\u015bciach budynku nie s\u0105 tam przypadkowo. Wprowadzenie ich przed oknami \u0142azienki oraz kuchni pozwala na uzyskanie wi\u0119kszej intymno\u015bci we wn\u0119trzu oraz kontrol\u0119 nas\u0142onecznienia.<\/p>\n<\/div>\n<\/div>\n<\/div>\n<\/div>\n<\/div>\n<div class=\"standard_wrapper\">\n<div  class=\"one\" style=\"padding:0px 0 0px 0;\" >\n<div class=\"page_content_wrapper nopadding\">\n<div class=\"inner\">\n<div class=\"slider_wrapper\">\n<div class=\"flexslider tg_gallery \" data-height=\"750\">\n<ul class=\"slides\">\n<li><img decoding=\"async\" src=\"https:\/\/www.trzy.be\/wp-content\/uploads\/2019\/06\/A_C4-3.jpg\" alt=\"\"\/>\n<div class=\"gallery_image_caption\"><\/div>\n<\/li>\n<li><img decoding=\"async\" src=\"https:\/\/www.trzy.be\/wp-content\/uploads\/2019\/06\/A_C4-popoludnie.jpg\" alt=\"\"\/>\n<div class=\"gallery_image_caption\"><\/div>\n<\/li>\n<\/ul>\n<\/div>\n<\/div>\n<\/div>\n<\/div>\n<\/div>\n<\/div>\n<div  class=\"one withsmallpadding ppb_text\" style=\"padding:30px 0 30px 0;\" >\n<div class=\"standard_wrapper\">\n<div class=\"page_content_wrapper\">\n<div class=\"inner\">\n<div style=\"margin:auto;width:100%\">\n<p>Komentarz zachwyconego inwestora  gdy przedstawili\u015bmy mu koncepcj\u0119<\/p>\n<p><center><\/p>\n<blockquote>\n<p>\u201e (\u2026) (ten budynek) to taka jakby tajemnica, stoisz przed furtk\u0105 i wida\u0107 tylko jedno okno, d\u0142ug\u0105 alejk\u0119 na wprost. Nie ma drzwi. Przechodzisz przez lamele i otwiera si\u0119 przestrze\u0144 (\u2026)\u201d<\/p>\n<\/blockquote>\n<p><\/center><\/p>\n<\/div>\n<\/div>\n<\/div>\n<\/div>\n<\/div>\n<div class=\"standard_wrapper\">\n<div  class=\"one\" style=\"padding:30px 0 30px 0;\" >\n<div class=\"page_content_wrapper\">\n<div class=\"inner\">\n<div class=\"image_classic_frame expand\">\n<div class=\"image_wrapper\"><a href=\"https:\/\/www.trzy.be\/wp-content\/uploads\/2019\/06\/A_C8-4.jpg\" data-caption=\"\"  class=\"img_frame\"><img decoding=\"async\" src=\"https:\/\/www.trzy.be\/wp-content\/uploads\/2019\/06\/A_C8-4.jpg\" alt=\"\" class=\"preview\"\/><\/a><\/div>\n<\/div>\n<\/div>\n<\/div>\n<\/div>\n<\/div>\n<div class=\"standard_wrapper\">\n<div  class=\"one\" style=\"padding:30px 0 30px 0;\" >\n<div class=\"page_content_wrapper\">\n<div class=\"inner\">\n<div class=\"image_classic_frame expand\">\n<div class=\"image_wrapper\"><a href=\"https:\/\/www.trzy.be\/wp-content\/uploads\/2019\/06\/A_C1-2-1.jpg\" data-caption=\"\"  class=\"img_frame\"><img decoding=\"async\" src=\"https:\/\/www.trzy.be\/wp-content\/uploads\/2019\/06\/A_C1-2-1.jpg\" alt=\"\" class=\"preview\"\/><\/a><\/div>\n<\/div>\n<\/div>\n<\/div>\n<\/div>\n<\/div>\n<div class=\"standard_wrapper\">\n<div  class=\"one\" style=\"padding:30px 0 30px 0;\" >\n<div class=\"page_content_wrapper\">\n<div class=\"inner\">\n<div class=\"image_classic_frame expand\">\n<div class=\"image_wrapper\"><a href=\"https:\/\/www.trzy.be\/wp-content\/uploads\/2019\/06\/A_C6_photoshop-5.jpg\" data-caption=\"\"  class=\"img_frame\"><img decoding=\"async\" src=\"https:\/\/www.trzy.be\/wp-content\/uploads\/2019\/06\/A_C6_photoshop-5.jpg\" alt=\"\" class=\"preview\"\/><\/a><\/div>\n<\/div>\n<\/div>\n<\/div>\n<\/div>\n<\/div>\n<div class=\"standard_wrapper\">\n<div  class=\"one\" style=\"padding:30px 0 30px 0;\" >\n<div class=\"page_content_wrapper\">\n<div class=\"inner\">\n<div class=\"one_half\">\n<div class=\"image_classic_frame expand\">\n<div class=\"image_wrapper\"><a href=\"https:\/\/www.trzy.be\/wp-content\/uploads\/2019\/06\/A_C14.2jpg-1.jpg\" data-caption=\"\"  class=\"img_frame\"><img decoding=\"async\" src=\"https:\/\/www.trzy.be\/wp-content\/uploads\/2019\/06\/A_C14.2jpg-1.jpg\" alt=\"\" class=\"preview\"\/><\/a><\/div>\n<\/div>\n<\/div>\n<div class=\"one_half last\">\n<div class=\"image_classic_frame expand\">\n<div class=\"image_wrapper\"><a href=\"https:\/\/www.trzy.be\/wp-content\/uploads\/2019\/06\/A_detal0000-1.jpg\" data-caption=\"\"  class=\"img_frame\"><img decoding=\"async\" src=\"https:\/\/www.trzy.be\/wp-content\/uploads\/2019\/06\/A_detal0000-1.jpg\" alt=\"\" class=\"preview\"\/><\/a><\/div>\n<\/div>\n<\/div>\n<\/div>\n<\/div>\n<\/div>\n<\/div>\n<div class=\"standard_wrapper\">\n<div  class=\"one\" style=\"padding:30px 0 30px 0;\" >\n<div class=\"page_content_wrapper\">\n<div class=\"inner\">\n<div class=\"image_classic_frame expand\">\n<div class=\"image_wrapper\"><a href=\"https:\/\/www.trzy.be\/wp-content\/uploads\/2019\/06\/A_C7_photoshop-6.jpg\" data-caption=\"\"  class=\"img_frame\"><img decoding=\"async\" src=\"https:\/\/www.trzy.be\/wp-content\/uploads\/2019\/06\/A_C7_photoshop-6.jpg\" alt=\"\" class=\"preview\"\/><\/a><\/div>\n<\/div>\n<\/div>\n<\/div>\n<\/div>\n<\/div>\n<div  class=\"one withsmallpadding ppb_text\" style=\"padding:30px 0 30px 0;\" >\n<div class=\"standard_wrapper\">\n<div class=\"page_content_wrapper\">\n<div class=\"inner\">\n<div style=\"margin:auto;width:100%\">\n<p>\n<center><\/p>\n<blockquote>\n<p>Dla dodatkowego do\u015bwietlenia strefy wej\u015bciowej w zadaszeniu wprowadzili\u015bmy sporych rozmiar\u00f3w otw\u00f3r, kt\u00f3ry pozwoli\u0142 na umieszczenie tam niewielkiego drzewka ozdobnego. Naturalna \u017cywa rze\u017aba w postaci ma\u0142ego drzewa b\u0119dzie upi\u0119ksza\u0107 przestrze\u0144 wej\u015bciow\u0105 i dodawa\u0107 wyj\u0105tkowego charakteru budynkowi.<\/p>\n<\/blockquote>\n<p><\/center><\/p>\n<\/div>\n<\/div>\n<\/div>\n<\/div>\n<\/div>\n<div class=\"standard_wrapper\">\n<div  class=\"one\" style=\"padding:30px 0 30px 0;\" >\n<div class=\"page_content_wrapper\">\n<div class=\"inner\">\n<div class=\"image_classic_frame expand\">\n<div class=\"image_wrapper\"><a href=\"https:\/\/www.trzy.be\/wp-content\/uploads\/2019\/06\/A_C9-1.jpg\" data-caption=\"\"  class=\"img_frame\"><img decoding=\"async\" src=\"https:\/\/www.trzy.be\/wp-content\/uploads\/2019\/06\/A_C9-1.jpg\" alt=\"\" class=\"preview\"\/><\/a><\/div>\n<\/div>\n<\/div>\n<\/div>\n<\/div>\n<\/div>\n<div  class=\"one withsmallpadding ppb_header \" style=\"text-align:left;padding:30px 0 30px 0;\" >\n<div class=\"standard_wrapper\">\n<div class=\"page_content_wrapper\">\n<div class=\"inner\">\n<div style=\"margin:auto;width:100%\">\n<div class=\"ppb_subtitle\" style=\"\">Linki do artyku\u0142\u00f3w<\/div>\n<h2 class=\"ppb_title\" style=\"\">O projekcie napisali:<\/h2>\n<\/div>\n<\/div>\n<\/div>\n<\/div>\n<\/div>\n<div class=\"standard_wrapper\">\n<div  class=\"one_fourth withsmallpadding ppb_text\" style=\"padding:30px 0 30px 0;\" >\n<div class=\"standard_wrapper\">\n<div class=\"page_content_wrapper\">\n<div class=\"inner\">\n<div style=\"margin:auto;width:100%\">\n<p><a href=\"https:\/\/www.bryla.pl\/bryla\/7,85301,24936684,dom-jednorodzinny-jak-nowoczesna-stodola-projekt.html\" rel=\"noopener noreferrer\" target=\"_blank\"><img fetchpriority=\"high\" decoding=\"async\" src=\"https:\/\/www.trzy.be\/wp-content\/uploads\/2019\/06\/bry\u0142a-e1559658223700.jpg\" alt=\"\" width=\"650\" height=\"237\" class=\"aligncenter size-full wp-image-4874\" \/><\/a><\/p>\n<\/div>\n<\/div>\n<\/div>\n<\/div>\n<\/div>\n<\/div>\n<div class=\"standard_wrapper\">\n<div  class=\"one_fourth withsmallpadding ppb_text\" style=\"padding:30px 0 30px 0;\" >\n<div class=\"standard_wrapper\">\n<div class=\"page_content_wrapper\">\n<div class=\"inner\">\n<div style=\"margin:auto;width:100%\">\n<p><a href=\"https:\/\/plndesign.pl\/stodola-w-nowoczesnym-stylu-od-3xb-architekci\/\" rel=\"noopener noreferrer\" target=\"_blank\"><img decoding=\"async\" src=\"https:\/\/www.trzy.be\/wp-content\/uploads\/2019\/06\/PLN-Design-1024x360.jpg\" alt=\"\" width=\"1024\" height=\"360\" class=\"aligncenter size-large wp-image-4879\" \/><\/a><\/p>\n<\/div>\n<\/div>\n<\/div>\n<\/div>\n<\/div>\n<\/div>\n<div class=\"standard_wrapper\">\n<div  class=\"one_fourth withsmallpadding ppb_text\" style=\"padding:30px 0 30px 0;\" >\n<div class=\"standard_wrapper\">\n<div class=\"page_content_wrapper\">\n<div class=\"inner\">\n<div style=\"margin:auto;width:100%\">\n<p><a href=\"https:\/\/sztuka-architektury.pl\/article\/12638\/nowoczesna-stodola-projekt-domu-jednorodzinnego\" rel=\"noopener noreferrer\" target=\"_blank\"><img decoding=\"async\" src=\"https:\/\/www.trzy.be\/wp-content\/uploads\/2019\/06\/sztuka-architektury.png\" alt=\"\" width=\"198\" height=\"74\" class=\"aligncenter size-full wp-image-4880\" \/><\/a><\/p>\n<\/div>\n<\/div>\n<\/div>\n<\/div>\n<\/div>\n<\/div>\n<div class=\"standard_wrapper\">\n<div  class=\"one_fourth last withsmallpadding ppb_text\" style=\"padding:30px 0 30px 0;\" >\n<div class=\"standard_wrapper\">\n<div class=\"page_content_wrapper\">\n<div class=\"inner\">\n<div style=\"margin:auto;width:100%\">\n<p><a href=\"https:\/\/www.fpiec.pl\/design\/najlepsze-domy-w-polsce-wspolczesna-stodola-projekt-domu-pod-poznaniem\" rel=\"noopener noreferrer\" target=\"_blank\"><img loading=\"lazy\" decoding=\"async\" src=\"https:\/\/www.trzy.be\/wp-content\/uploads\/2019\/06\/fpiec-1024x306-1024x306.jpg\" alt=\"\" width=\"1024\" height=\"306\" class=\"aligncenter size-large wp-image-4878\" \/><\/a><\/p>\n<\/div>\n<\/div>\n<\/div>\n<\/div>\n<\/div>\n<\/div>\n<div  class=\"one withsmallpadding ppb_header \" style=\"text-align:left;padding:30px 0 30px 0;\" >\n<div class=\"standard_wrapper\">\n<div class=\"page_content_wrapper\">\n<div class=\"inner\">\n<div style=\"margin:auto;width:100%\">\n<h2 class=\"ppb_title\" style=\"\">Zdj\u0119cia z budowy<\/h2>\n<\/div>\n<\/div>\n<\/div>\n<\/div>\n<\/div>\n<div  class=\"one\">\n<div class=\"standard_wrapper\">\n<div id=\"1599214422329794758\" class=\"portfolio_filter_wrapper portfolio-content content gallery four_cols contain\" data-columns=\"4\">\n<div class=\"element grid  classic4_cols kenburns\">\n<div class=\"one_fourth gallery4 static filterable gallery_type animated1\"><a data-rel=\"photography_gallery_7657\" data-caption=\"\" href=\"https:\/\/www.trzy.be\/wp-content\/uploads\/2020\/08\/IMG_5880.jpg\"  class=\"fancy-gallery\"><img decoding=\"async\" src=\"https:\/\/www.trzy.be\/wp-content\/uploads\/2020\/08\/IMG_5880-705x529.jpg\" alt=\"\" class=\"preview\"\/><\/a><\/div>\n<\/div>\n<div class=\"element grid  classic4_cols kenburns\">\n<div class=\"one_fourth gallery4 static filterable gallery_type animated2\"><a data-rel=\"photography_gallery_7657\" data-caption=\"\" href=\"https:\/\/www.trzy.be\/wp-content\/uploads\/2020\/08\/IMG_5866.jpg\"  class=\"fancy-gallery\"><img decoding=\"async\" src=\"https:\/\/www.trzy.be\/wp-content\/uploads\/2020\/08\/IMG_5866-705x529.jpg\" alt=\"\" class=\"preview\"\/><\/a><\/div>\n<\/div>\n<div class=\"element grid  classic4_cols kenburns\">\n<div class=\"one_fourth gallery4 static filterable gallery_type animated3\"><a data-rel=\"photography_gallery_7657\" data-caption=\"\" href=\"https:\/\/www.trzy.be\/wp-content\/uploads\/2020\/08\/IMG_5865.jpg\"  class=\"fancy-gallery\"><img decoding=\"async\" src=\"https:\/\/www.trzy.be\/wp-content\/uploads\/2020\/08\/IMG_5865-705x529.jpg\" alt=\"\" class=\"preview\"\/><\/a><\/div>\n<\/div>\n<div class=\"element grid  classic4_cols kenburns\">\n<div class=\"one_fourth gallery4 static filterable gallery_type animated4\"><a data-rel=\"photography_gallery_7657\" data-caption=\"\" href=\"https:\/\/www.trzy.be\/wp-content\/uploads\/2020\/08\/IMG_6667.jpg\"  class=\"fancy-gallery\"><img decoding=\"async\" src=\"https:\/\/www.trzy.be\/wp-content\/uploads\/2020\/08\/IMG_6667-705x529.jpg\" alt=\"\" class=\"preview\"\/><\/a><\/div>\n<\/div>\n<div class=\"element grid  classic4_cols kenburns\">\n<div class=\"one_fourth gallery4 static filterable gallery_type animated5\"><a data-rel=\"photography_gallery_7657\" data-caption=\"\" href=\"https:\/\/www.trzy.be\/wp-content\/uploads\/2020\/08\/56EAB747-1E9D-499D-8A4B-45E7EB1042A8.jpg\"  class=\"fancy-gallery\"><img decoding=\"async\" src=\"https:\/\/www.trzy.be\/wp-content\/uploads\/2020\/08\/56EAB747-1E9D-499D-8A4B-45E7EB1042A8-705x529.jpg\" alt=\"\" class=\"preview\"\/><\/a><\/div>\n<\/div>\n<div class=\"element grid  classic4_cols kenburns\">\n<div class=\"one_fourth gallery4 static filterable gallery_type animated6\"><a data-rel=\"photography_gallery_7657\" data-caption=\"\" href=\"https:\/\/www.trzy.be\/wp-content\/uploads\/2020\/08\/IMG_6675.jpg\"  class=\"fancy-gallery\"><img decoding=\"async\" src=\"https:\/\/www.trzy.be\/wp-content\/uploads\/2020\/08\/IMG_6675-705x529.jpg\" alt=\"\" class=\"preview\"\/><\/a><\/div>\n<\/div>\n<div class=\"element grid  classic4_cols kenburns\">\n<div class=\"one_fourth gallery4 static filterable gallery_type animated7\"><a data-rel=\"photography_gallery_7657\" data-caption=\"\" href=\"https:\/\/www.trzy.be\/wp-content\/uploads\/2020\/08\/CC4EC8CF-AB7B-4120-93DA-F3B421F7904D.jpg\"  class=\"fancy-gallery\"><img decoding=\"async\" src=\"https:\/\/www.trzy.be\/wp-content\/uploads\/2020\/08\/CC4EC8CF-AB7B-4120-93DA-F3B421F7904D-705x529.jpg\" alt=\"\" class=\"preview\"\/><\/a><\/div>\n<\/div>\n<div class=\"element grid  classic4_cols kenburns\">\n<div class=\"one_fourth gallery4 static filterable gallery_type animated8\"><a data-rel=\"photography_gallery_7657\" data-caption=\"\" href=\"https:\/\/www.trzy.be\/wp-content\/uploads\/2020\/08\/IMG_6681.jpg\"  class=\"fancy-gallery\"><img decoding=\"async\" src=\"https:\/\/www.trzy.be\/wp-content\/uploads\/2020\/08\/IMG_6681-705x529.jpg\" alt=\"\" class=\"preview\"\/><\/a><\/div>\n<\/div>\n<div class=\"element grid  classic4_cols kenburns\">\n<div class=\"one_fourth gallery4 static filterable gallery_type animated9\"><a data-rel=\"photography_gallery_7657\" data-caption=\"\" href=\"https:\/\/www.trzy.be\/wp-content\/uploads\/2020\/08\/IMG_6685.jpg\"  class=\"fancy-gallery\"><img decoding=\"async\" src=\"https:\/\/www.trzy.be\/wp-content\/uploads\/2020\/08\/IMG_6685-705x529.jpg\" alt=\"\" class=\"preview\"\/><\/a><\/div>\n<\/div>\n<\/div>\n<\/div>\n<p><br class=\"clear\"\/><\/div>\n<div  class=\"one withsmallpadding \" >\n<div class=\"standard_wrapper\">\n<div class=\"page_content_wrapper\" style=\"text-align:center\">\n<div class=\"inner\"><\/div>\n<\/div>\n<\/div>\n<\/div>\n","protected":false},"excerpt":{"rendered":"<p>Projekt domu jednorodzinnego<\/p>\n","protected":false},"featured_media":4848,"comment_status":"closed","ping_status":"closed","template":"","portfoliosets":[4],"class_list":["post-4948","portfolios","type-portfolios","status-publish","has-post-thumbnail","hentry","portfoliosets-archi"],"_links":{"self":[{"href":"https:\/\/www.trzy.be\/index.php?rest_route=\/wp\/v2\/portfolios\/4948","targetHints":{"allow":["GET"]}}],"collection":[{"href":"https:\/\/www.trzy.be\/index.php?rest_route=\/wp\/v2\/portfolios"}],"about":[{"href":"https:\/\/www.trzy.be\/index.php?rest_route=\/wp\/v2\/types\/portfolios"}],"replies":[{"embeddable":true,"href":"https:\/\/www.trzy.be\/index.php?rest_route=%2Fwp%2Fv2%2Fcomments&post=4948"}],"wp:featuredmedia":[{"embeddable":true,"href":"https:\/\/www.trzy.be\/index.php?rest_route=\/wp\/v2\/media\/4848"}],"wp:attachment":[{"href":"https:\/\/www.trzy.be\/index.php?rest_route=%2Fwp%2Fv2%2Fmedia&parent=4948"}],"wp:term":[{"taxonomy":"portfoliosets","embeddable":true,"href":"https:\/\/www.trzy.be\/index.php?rest_route=%2Fwp%2Fv2%2Fportfoliosets&post=4948"}],"curies":[{"name":"wp","href":"https:\/\/api.w.org\/{rel}","templated":true}]}}