{"id":7039,"date":"2020-04-29T20:36:25","date_gmt":"2020-04-29T20:36:25","guid":{"rendered":"https:\/\/www.trzy.be\/?post_type=portfolios&#038;p=7039"},"modified":"2025-10-14T15:31:11","modified_gmt":"2025-10-14T15:31:11","slug":"wnetrza-domu-z-motocyklem","status":"publish","type":"portfolios","link":"https:\/\/www.trzy.be\/?portfolios=wnetrza-domu-z-motocyklem","title":{"rendered":"Wn\u0119trza domu z motocyklem"},"content":{"rendered":"<div  class=\"one\" style=\"padding:0px 0 0px 0;\" >\n<div class=\"page_content_wrapper withbg \" style=\"background-image:url(https:\/\/www.trzy.be\/wp-content\/uploads\/2020\/04\/z-kanapy.jpg);background-size:cover;background-position:center center;height:875px;position:relative;\"><\/div>\n<\/div>\n<div class=\"standard_wrapper\">\n<div  class=\"one_half withsmallpadding ppb_header \" style=\"text-align:left;padding:30px 0 30px 0;\" >\n<div class=\"page_content_wrapper\">\n<div class=\"inner\">\n<div style=\"margin:auto;width:100%\">\n<div class=\"ppb_subtitle\" style=\"\">Projekt wn\u0119trz<\/div>\n<h2 class=\"ppb_title\" style=\"\">Dom z motocyklem<\/h2>\n<hr class=\"title_break left\" style=\"\"\/>\n<div class=\"ppb_header_content\">\n<p><strong style=\"font-style: italic; color: #222222;\">Zakres opracowania:<\/strong><span style=\"font-style: italic; color: #222222;\"> Kompleksowy projekt budynku oraz wn\u0119trz domu jednorodzinnego<\/span><br style=\"font-style: italic; color: #222222;\" \/><strong style=\"font-style: italic; color: #222222;\">Powierzchnia u\u017cytkowa budynku:\u00a0<\/strong><span style=\"font-style: italic; color: #222222;\">320 m2<\/span><br style=\"font-style: italic; color: #222222;\" \/><strong style=\"font-style: italic; color: #222222;\">Inwestor:\u00a0<\/strong><span style=\"font-style: italic; color: #222222;\">Prywatny<\/span><br style=\"font-style: italic; color: #222222;\" \/><strong style=\"font-style: italic; color: #222222;\">Projekt:<\/strong><span style=\"font-style: italic; color: #222222;\"> 2020<\/span><br style=\"font-style: italic; color: #222222;\" \/><strong style=\"font-style: italic; color: #222222;\">Realizacja:\u00a0<\/strong><span style=\"font-style: italic; color: #222222;\"> 2020-<\/p>\n<\/div>\n<\/div>\n<\/div>\n<\/div>\n<\/div>\n<\/div>\n<div class=\"standard_wrapper\">\n<div  class=\"one_half last withsmallpadding ppb_text\" style=\"padding:30px 0 30px 0;\" >\n<div class=\"standard_wrapper\">\n<div class=\"page_content_wrapper\">\n<div class=\"inner\">\n<div style=\"margin:auto;width:100%\">\n<p>Z przyjemno\u015bci\u0105 wykonali\u015bmy kompleksowy projekt budynku oraz wn\u0119trz dla mi\u0142o\u015bnika motocykli i jego rodziny. Przestrze\u0144 salonu jest bardzo wysoka, mocno do\u015bwietlona i otwarta na otaczaj\u0105c\u0105 natur\u0119. Miejsce na najcenniejszy eksponat znale\u017ali\u015bmy w samym centrum salonu na betonowej \u015bcianie, nadaj\u0105c temu wn\u0119trzu wyj\u0105tkowego charakteru. Industrialny klimat wn\u0119trz zosta\u0142 uzupe\u0142niony ogromnymi lampami, sk\u00f3rzanymi detalami w postaci fotela i krzese\u0142, betonow\u0105 pod\u0142og\u0105 oraz prze\u0142amany drewnianym sufitem i  wielk\u0105 mi\u0119kk\u0105 kanap\u0105, kt\u00f3ra pozwoli si\u0119 zrelaksowa\u0107 w tym niezwyk\u0142ym wn\u0119trzu. Charakterystycznymi elementami tej przestrzeni jest przeszklenie z sypialni i \u0142azienki inwestor\u00f3w wprost do salonu oraz szklany most \u0142\u0105cz\u0105cy sypialni\u0119 z tarasem. <\/p>\n<\/div>\n<\/div>\n<\/div>\n<\/div>\n<\/div>\n<\/div>\n<div class=\"standard_wrapper\">\n<div  class=\"one\" style=\"padding:30px 0 30px 0;\" >\n<div class=\"page_content_wrapper\">\n<div class=\"inner\">\n<div class=\"image_classic_frame expand\">\n<div class=\"image_wrapper\"><img decoding=\"async\" src=\"https:\/\/www.trzy.be\/wp-content\/uploads\/2020\/04\/salon-od-okien.jpg\" alt=\"\" class=\"preview\"\/><\/div>\n<\/div>\n<\/div>\n<\/div>\n<\/div>\n<\/div>\n<div class=\"standard_wrapper\">\n<div  class=\"one\" style=\"padding:30px 0 30px 0;\" >\n<div class=\"page_content_wrapper\">\n<div class=\"inner\">\n<div class=\"image_classic_frame expand\">\n<div class=\"image_wrapper\"><img decoding=\"async\" src=\"https:\/\/www.trzy.be\/wp-content\/uploads\/2020\/04\/salon-na-antresole-2.jpg\" alt=\"\" class=\"preview\"\/><\/div>\n<\/div>\n<\/div>\n<\/div>\n<\/div>\n<\/div>\n<div class=\"standard_wrapper\">\n<div  class=\"one\" style=\"padding:30px 0 30px 0;\" >\n<div class=\"page_content_wrapper\">\n<div class=\"inner\">\n<div class=\"image_classic_frame expand\">\n<div class=\"image_wrapper\"><img decoding=\"async\" src=\"https:\/\/www.trzy.be\/wp-content\/uploads\/2020\/04\/2d_kuchnia-przy-blacie.jpg\" alt=\"\" class=\"preview\"\/><\/div>\n<\/div>\n<\/div>\n<\/div>\n<\/div>\n<\/div>\n<div class=\"standard_wrapper\">\n<div  class=\"one\" style=\"padding:30px 0 30px 0;\" >\n<div class=\"page_content_wrapper\">\n<div class=\"inner\">\n<div class=\"image_classic_frame expand\">\n<div class=\"image_wrapper\"><img decoding=\"async\" src=\"https:\/\/www.trzy.be\/wp-content\/uploads\/2020\/04\/z-jadalni-2.jpg\" alt=\"\" class=\"preview\"\/><\/div>\n<\/div>\n<\/div>\n<\/div>\n<\/div>\n<\/div>\n<div class=\"standard_wrapper\">\n<div  class=\"one\" style=\"padding:30px 0 30px 0;\" >\n<div class=\"page_content_wrapper\">\n<div class=\"inner\">\n<div class=\"image_classic_frame expand\">\n<div class=\"image_wrapper\"><img decoding=\"async\" src=\"https:\/\/www.trzy.be\/wp-content\/uploads\/2020\/04\/na-kuchnie-2.jpg\" alt=\"\" class=\"preview\"\/><\/div>\n<\/div>\n<\/div>\n<\/div>\n<\/div>\n<\/div>\n<div  class=\"one withsmallpadding ppb_header \" style=\"text-align:left;padding:30px 0 30px 0;\" >\n<div class=\"standard_wrapper\">\n<div class=\"page_content_wrapper\">\n<div class=\"inner\">\n<div style=\"margin:auto;width:100%\">\n<div class=\"ppb_subtitle\" style=\"\">Linki do artyku\u0142\u00f3w<\/div>\n<h2 class=\"ppb_title\" style=\"\">O projekcie napisali<\/h2>\n<\/div>\n<\/div>\n<\/div>\n<\/div>\n<\/div>\n<div class=\"standard_wrapper\">\n<div  class=\"one_fourth withsmallpadding ppb_text\" style=\"padding:30px 0 30px 0;\" >\n<div class=\"standard_wrapper\">\n<div class=\"page_content_wrapper\">\n<div class=\"inner\">\n<div style=\"margin:auto;width:100%\">\n<p><a href=\"https:\/\/plndesign.pl\/dom-z-motocyklem-projektu-3xb-architekci\/\" rel=\"noopener noreferrer\" target=\"_blank\"><img fetchpriority=\"high\" decoding=\"async\" src=\"https:\/\/www.trzy.be\/wp-content\/uploads\/2019\/06\/PLN-Design-1024x360.jpg\" alt=\"\" width=\"1024\" height=\"360\" class=\"aligncenter size-large wp-image-4879\" \/><\/a><\/p>\n<\/div>\n<\/div>\n<\/div>\n<\/div>\n<\/div>\n<\/div>\n<div class=\"standard_wrapper\">\n<div  class=\"one_fourth withsmallpadding ppb_text\" style=\"padding:30px 0 30px 0;\" >\n<div class=\"standard_wrapper\">\n<div class=\"page_content_wrapper\">\n<div class=\"inner\">\n<div style=\"margin:auto;width:100%\">\n<p><a href=\"https:\/\/internityhome.pl\/inspiracje\/dom-pelen-ciekawych-rozwiazan-dla-fana-motocykli-proj-3xb-architekci\/\" rel=\"noopener noreferrer\" target=\"_blank\"><img decoding=\"async\" src=\"https:\/\/www.trzy.be\/wp-content\/uploads\/2020\/04\/internity_home_150x150c-1024x538.jpg\" alt=\"\" width=\"1024\" height=\"538\" class=\"aligncenter size-large wp-image-7612\" \/><\/a><\/p>\n<\/div>\n<\/div>\n<\/div>\n<\/div>\n<\/div>\n<\/div>\n<div class=\"standard_wrapper\">\n<div  class=\"one_fourth withsmallpadding ppb_text\" style=\"padding:30px 0 30px 0;\" >\n<div class=\"standard_wrapper\">\n<div class=\"page_content_wrapper\">\n<div class=\"inner\">\n<div style=\"margin:auto;width:100%\">\n<p><a href=\"https:\/\/www.facebook.com\/MagazynDobreWnetrze\/\" rel=\"noopener noreferrer\" target=\"_blank\"><img decoding=\"async\" src=\"https:\/\/www.trzy.be\/wp-content\/uploads\/2019\/06\/dobre-wnetrze.jpg\" alt=\"\" width=\"320\" height=\"106\" class=\"aligncenter size-full wp-image-4876\" \/><\/a><\/p>\n<\/div>\n<\/div>\n<\/div>\n<\/div>\n<\/div>\n<\/div>\n<div class=\"standard_wrapper\">\n<div  class=\"one_fourth last withsmallpadding ppb_text\" style=\"padding:30px 0 30px 0;\" >\n<div class=\"standard_wrapper\">\n<div class=\"page_content_wrapper\">\n<div class=\"inner\">\n<div style=\"margin:auto;width:100%\">\n<p><a href=\"https:\/\/archinea.pl\/dom-z-motocyklem-industrialne-wnetrza-projektu-3xb-architekci\/\" rel=\"noopener noreferrer\" target=\"_blank\"><img loading=\"lazy\" decoding=\"async\" src=\"https:\/\/www.trzy.be\/wp-content\/uploads\/2019\/06\/archinea.png\" alt=\"\" width=\"290\" height=\"128\" class=\"aligncenter size-full wp-image-4873\" \/><\/a><\/p>\n<\/div>\n<\/div>\n<\/div>\n<\/div>\n<\/div>\n<\/div>\n<div class=\"divider one\">&nbsp;<\/div>\n<div class=\"standard_wrapper\">\n<div  class=\"one_fourth withsmallpadding ppb_text\" style=\"padding:30px 0 30px 0;\" >\n<div class=\"standard_wrapper\">\n<div class=\"page_content_wrapper\">\n<div class=\"inner\">\n<div style=\"margin:auto;width:100%\">\n<p><a href=\"https:\/\/www.onet.pl\/styl-zycia\/archinea\/piekny-i-oryginalny-dom-pod-poznaniem-na-niesamowitej-dzialce\/vlxvbem,30bc1058\" rel=\"noopener noreferrer\" target=\"_blank\"><img loading=\"lazy\" decoding=\"async\" src=\"https:\/\/www.trzy.be\/wp-content\/uploads\/2020\/04\/onet.png\" alt=\"\" width=\"696\" height=\"350\" class=\"aligncenter size-full wp-image-7675\" \/><\/a><\/p>\n<\/div>\n<\/div>\n<\/div>\n<\/div>\n<\/div>\n<\/div>\n<div  class=\"one\" style=\"padding:0px 0 0px 0;\" >\n<div class=\"page_content_wrapper withbg \" style=\"background-image:url(https:\/\/www.trzy.be\/wp-content\/uploads\/2020\/04\/widok-z-sufitu.jpg);background-size:cover;background-position:center center;height:885px;position:relative;\"><\/div>\n<\/div>\n","protected":false},"excerpt":{"rendered":"<p>Projekt wn\u0119trz<\/p>\n","protected":false},"featured_media":7023,"comment_status":"closed","ping_status":"closed","template":"","portfoliosets":[],"class_list":["post-7039","portfolios","type-portfolios","status-publish","has-post-thumbnail","hentry"],"_links":{"self":[{"href":"https:\/\/www.trzy.be\/index.php?rest_route=\/wp\/v2\/portfolios\/7039","targetHints":{"allow":["GET"]}}],"collection":[{"href":"https:\/\/www.trzy.be\/index.php?rest_route=\/wp\/v2\/portfolios"}],"about":[{"href":"https:\/\/www.trzy.be\/index.php?rest_route=\/wp\/v2\/types\/portfolios"}],"replies":[{"embeddable":true,"href":"https:\/\/www.trzy.be\/index.php?rest_route=%2Fwp%2Fv2%2Fcomments&post=7039"}],"wp:featuredmedia":[{"embeddable":true,"href":"https:\/\/www.trzy.be\/index.php?rest_route=\/wp\/v2\/media\/7023"}],"wp:attachment":[{"href":"https:\/\/www.trzy.be\/index.php?rest_route=%2Fwp%2Fv2%2Fmedia&parent=7039"}],"wp:term":[{"taxonomy":"portfoliosets","embeddable":true,"href":"https:\/\/www.trzy.be\/index.php?rest_route=%2Fwp%2Fv2%2Fportfoliosets&post=7039"}],"curies":[{"name":"wp","href":"https:\/\/api.w.org\/{rel}","templated":true}]}}