{"id":9869,"date":"2021-09-20T09:58:30","date_gmt":"2021-09-20T09:58:30","guid":{"rendered":"https:\/\/www.trzy.be\/?post_type=portfolios&#038;p=9869"},"modified":"2022-02-02T18:48:28","modified_gmt":"2022-02-02T18:48:28","slug":"dom-w-koczargach-starych-d_042","status":"publish","type":"portfolios","link":"https:\/\/www.trzy.be\/?portfolios=dom-w-koczargach-starych-d_042","title":{"rendered":"Dom w Koczargach Starych D_042"},"content":{"rendered":"<div  class=\"one\" style=\"padding:0px 0 0px 0;\" >\n<div class=\"page_content_wrapper withbg \" style=\"background-image:url(https:\/\/www.trzy.be\/wp-content\/uploads\/2021\/09\/042_006_dzien.jpg);background-size:cover;background-position:center top;height:910px;position:relative;\"><\/div>\n<\/div>\n<div class=\"standard_wrapper\">\n<div  class=\"one_third withsmallpadding ppb_header \" style=\"text-align:left;padding:30px 0 30px 0;\" >\n<div class=\"page_content_wrapper\">\n<div class=\"inner\">\n<div style=\"margin:auto;width:100%\">\n<h2 class=\"ppb_title\" style=\"\">Dom w Koczargach Starych D_042<\/h2>\n<hr class=\"title_break left\" style=\"\"\/>\n<div class=\"ppb_header_content\">\n<p><strong style=\"font-style: italic; color: #222222;\">Zakres opracowania:<\/strong><span style=\"font-style: italic; color: #222222;\">Projekt koncepcyjny i budowlano-wykonawczy budynku jednorodzinnego<\/span><br style=\"font-style: italic; color: #222222;\" \/><strong style=\"font-style: italic; color: #222222;\">Powierzchnia u\u017cytkowa budynku:\u00a0<\/strong><span style=\"font-style: italic; color: #222222;\">205 m2<\/span><br style=\"font-style: italic; color: #222222;\" \/><strong style=\"font-style: italic; color: #222222;\">Inwestor:\u00a0<\/strong><span style=\"font-style: italic; color: #222222;\">Prywatny<\/span><br style=\"font-style: italic; color: #222222;\" \/><strong style=\"font-style: italic; color: #222222;\">Projekt:<\/strong><span style=\"font-style: italic; color: #222222;\"> 2021<\/span><br style=\"font-style: italic; color: #222222;\" \/><strong style=\"font-style: italic; color: #222222;\">Realizacja:\u00a0<\/strong><span style=\"font-style: italic; color: #222222;\"> 2021-<\/p>\n<\/div>\n<\/div>\n<\/div>\n<\/div>\n<\/div>\n<\/div>\n<div class=\"standard_wrapper\">\n<div  class=\"two_third last withsmallpadding ppb_text\" style=\"padding:30px 0 30px 0;\" >\n<div class=\"standard_wrapper\">\n<div class=\"page_content_wrapper\">\n<div class=\"inner\">\n<div style=\"margin:auto;width:100%\">\n<p>Dom w Koczargach Starych to dom o wyra\u017anie nowoczesnym charakterze nawi\u0105zuj\u0105cy lu\u017ano swoj\u0105 estetyk\u0105 do nowoczesnej stodo\u0142y.<\/p>\n<p>Ceglana parterowa bry\u0142a stanowi mocn\u0105 baz\u0119 dla lekko przewieszonej bry\u0142y pi\u0119tra kt\u00f3ra w ca\u0142o\u015bci wyko\u0144czona jest blach\u0105 na r\u0105bek. \u015aciany szczytowe bry\u0142y pi\u0119tra s\u0105 przewieszone co nadaje bryle lekko\u015bci.<\/p>\n<p>Dom zosta\u0142 zaprojektowany dla 4 osobowej rodziny. Co ciekawe uk\u0142ad funkcjonalny domu jest bardzo czytelny r\u00f3wnie\u017c w bryle budynku. Ceglana bry\u0142a parterowa to cz\u0119\u015b\u0107 gara\u017cowa, techniczna, i dzienna, pi\u0119tro zawiera cz\u0119\u015b\u0107 prywatn\u0105.<\/p>\n<p>Bardzo nam zale\u017ca\u0142o na tym by w domu by\u0142o poczucie przestrzeni i otwarcia na natur\u0119 bez przekroczenia zak\u0142adanego przez inwestor\u00f3w metra\u017cu. W zwi\u0105zku z tym zaprojektowali\u015bmy ca\u0142\u0105 po\u0142udniow\u0105 \u015bcian\u0119 cz\u0119\u015bci dziennej jako jedno wielkie okno o szeroko\u015bci 10m, kt\u00f3re otwiera si\u0119 na pi\u0119kny ogr\u00f3d. Dodatkowo salon jest wysoko\u015bci dw\u00f3ch kondygnacji wraz z dodatkowym do\u015bwietleniem oknami kolankowymi, kt\u00f3re pozwalaj\u0105 wprowadzi\u0107 do salonu wi\u0119cej \u015bwiat\u0142a, lub umo\u017cliwiaj\u0105 podziwianie z kanapy niebo nad domem. Bezpo\u015brednio przy salonie znajduje si\u0119 r\u00f3wnie\u017c gabinet mog\u0105cy s\u0142u\u017cy\u0107 jako pok\u00f3j go\u015bcinny. Pi\u0119tro natomiast to 3 sypialnie, \u0142azienka oraz antresola przylegaj\u0105ca bezpo\u015brednio do salonu.<\/p>\n<\/div>\n<\/div>\n<\/div>\n<\/div>\n<\/div>\n<\/div>\n<div class=\"standard_wrapper\">\n<div  class=\"one\" style=\"padding:30px 0 30px 0;\" >\n<div class=\"page_content_wrapper nopadding\">\n<div class=\"inner\">\n<div class=\"slider_wrapper\">\n<div class=\"flexslider tg_gallery \" data-height=\"750\">\n<ul class=\"slides\">\n<li><img decoding=\"async\" src=\"https:\/\/www.trzy.be\/wp-content\/uploads\/2021\/09\/042_001_dzien.jpg\" alt=\"\"\/>\n<div class=\"gallery_image_caption\"><\/div>\n<\/li>\n<li><img decoding=\"async\" src=\"https:\/\/www.trzy.be\/wp-content\/uploads\/2021\/09\/042_001_noc.jpg\" alt=\"\"\/>\n<div class=\"gallery_image_caption\"><\/div>\n<\/li>\n<\/ul>\n<\/div>\n<\/div>\n<\/div>\n<\/div>\n<\/div>\n<\/div>\n<div class=\"standard_wrapper\">\n<div  class=\"one\" style=\"padding:30px 0 30px 0;\" >\n<div class=\"page_content_wrapper nopadding\">\n<div class=\"inner\">\n<div class=\"slider_wrapper\">\n<div class=\"flexslider tg_gallery \" data-height=\"750\">\n<ul class=\"slides\">\n<li><img decoding=\"async\" src=\"https:\/\/www.trzy.be\/wp-content\/uploads\/2021\/09\/042_002_dzien.jpg\" alt=\"\"\/>\n<div class=\"gallery_image_caption\"><\/div>\n<\/li>\n<li><img decoding=\"async\" src=\"https:\/\/www.trzy.be\/wp-content\/uploads\/2021\/09\/042_002_noc.jpg\" alt=\"\"\/>\n<div class=\"gallery_image_caption\"><\/div>\n<\/li>\n<\/ul>\n<\/div>\n<\/div>\n<\/div>\n<\/div>\n<\/div>\n<\/div>\n<div class=\"standard_wrapper\">\n<div  class=\"one\" style=\"padding:30px 0 30px 0;\" >\n<div class=\"page_content_wrapper nopadding\">\n<div class=\"inner\">\n<div class=\"slider_wrapper\">\n<div class=\"flexslider tg_gallery \" data-height=\"750\">\n<ul class=\"slides\">\n<li><img decoding=\"async\" src=\"https:\/\/www.trzy.be\/wp-content\/uploads\/2021\/09\/042_003_dzien.jpg\" alt=\"\"\/>\n<div class=\"gallery_image_caption\"><\/div>\n<\/li>\n<li><img decoding=\"async\" src=\"https:\/\/www.trzy.be\/wp-content\/uploads\/2021\/09\/042_003_noc.jpg\" alt=\"\"\/>\n<div class=\"gallery_image_caption\"><\/div>\n<\/li>\n<\/ul>\n<\/div>\n<\/div>\n<\/div>\n<\/div>\n<\/div>\n<\/div>\n<div class=\"standard_wrapper\">\n<div  class=\"one\" style=\"padding:30px 0 30px 0;\" >\n<div class=\"page_content_wrapper nopadding\">\n<div class=\"inner\">\n<div class=\"slider_wrapper\">\n<div class=\"flexslider tg_gallery \" data-height=\"750\">\n<ul class=\"slides\">\n<li><img decoding=\"async\" src=\"https:\/\/www.trzy.be\/wp-content\/uploads\/2021\/09\/042_004_dzien.jpg\" alt=\"\"\/>\n<div class=\"gallery_image_caption\"><\/div>\n<\/li>\n<li><img decoding=\"async\" src=\"https:\/\/www.trzy.be\/wp-content\/uploads\/2021\/09\/042_004_noc.jpg\" alt=\"\"\/>\n<div class=\"gallery_image_caption\"><\/div>\n<\/li>\n<\/ul>\n<\/div>\n<\/div>\n<\/div>\n<\/div>\n<\/div>\n<\/div>\n<div class=\"standard_wrapper\">\n<div  class=\"one\" style=\"padding:30px 0 30px 0;\" >\n<div class=\"page_content_wrapper nopadding\">\n<div class=\"inner\">\n<div class=\"slider_wrapper\">\n<div class=\"flexslider tg_gallery \" data-height=\"750\">\n<ul class=\"slides\">\n<li><img decoding=\"async\" src=\"https:\/\/www.trzy.be\/wp-content\/uploads\/2021\/09\/042_005_dzien-1.jpg\" alt=\"\"\/>\n<div class=\"gallery_image_caption\"><\/div>\n<\/li>\n<li><img decoding=\"async\" src=\"https:\/\/www.trzy.be\/wp-content\/uploads\/2021\/09\/042_005_noc.jpg\" alt=\"\"\/>\n<div class=\"gallery_image_caption\"><\/div>\n<\/li>\n<\/ul>\n<\/div>\n<\/div>\n<\/div>\n<\/div>\n<\/div>\n<\/div>\n<div class=\"standard_wrapper\">\n<div  class=\"one\" style=\"padding:30px 0 30px 0;\" >\n<div class=\"page_content_wrapper nopadding\">\n<div class=\"inner\">\n<div class=\"slider_wrapper\">\n<div class=\"flexslider tg_gallery \" data-height=\"750\">\n<ul class=\"slides\">\n<li><img decoding=\"async\" src=\"https:\/\/www.trzy.be\/wp-content\/uploads\/2021\/09\/042_006_dzien.jpg\" alt=\"\"\/>\n<div class=\"gallery_image_caption\"><\/div>\n<\/li>\n<li><img decoding=\"async\" src=\"https:\/\/www.trzy.be\/wp-content\/uploads\/2021\/09\/042_006_noc.jpg\" alt=\"\"\/>\n<div class=\"gallery_image_caption\"><\/div>\n<\/li>\n<\/ul>\n<\/div>\n<\/div>\n<\/div>\n<\/div>\n<\/div>\n<\/div>\n<div  class=\"one withsmallpadding ppb_header \" style=\"text-align:left;padding:30px 0 30px 0;\" >\n<div class=\"standard_wrapper\">\n<div class=\"page_content_wrapper\">\n<div class=\"inner\">\n<div style=\"margin:auto;width:100%\">\n<div class=\"ppb_subtitle\" style=\"\">linki do projekt\u00f3w<\/div>\n<h2 class=\"ppb_title\" style=\"\">O projekcie napisali<\/h2>\n<\/div>\n<\/div>\n<\/div>\n<\/div>\n<\/div>\n<div class=\"standard_wrapper\">\n<div  class=\"one_fourth withsmallpadding ppb_text\" style=\"padding:30px 0 30px 0;\" >\n<div class=\"standard_wrapper\">\n<div class=\"page_content_wrapper\">\n<div class=\"inner\">\n<div style=\"margin:auto;width:100%\">\n<p><a href=\"https:\/\/nowoczesnastodola.pl\/dom-w-koczargach-starych-to-dom-o-wyraznie-nowoczesnym-charakterze\/\" rel=\"noopener\" target=\"_blank\"><img loading=\"lazy\" decoding=\"async\" loading=\"lazy\" src=\"https:\/\/www.trzy.be\/wp-content\/uploads\/2021\/12\/Zrzut-ekranu-2022-02-2-o-19.04.50.png\" alt=\"\" width=\"678\" height=\"212\" class=\"alignnone size-full wp-image-10445\" \/><\/a><\/p>\n<\/div>\n<\/div>\n<\/div>\n<\/div>\n<\/div>\n<\/div>\n<div class=\"standard_wrapper\">\n<div  class=\"one_fourth withsmallpadding ppb_text\" style=\"padding:30px 0 30px 0;\" >\n<div class=\"standard_wrapper\">\n<div class=\"page_content_wrapper\">\n<div class=\"inner\">\n<div style=\"margin:auto;width:100%\">\n<p><a href=\"https:\/\/domzcegly.pl\/projekty-architektow\/dzc-0520\" rel=\"noopener\" target=\"_blank\"><img loading=\"lazy\" decoding=\"async\" loading=\"lazy\" src=\"https:\/\/www.trzy.be\/wp-content\/uploads\/2019\/06\/dom-z-cegly.png\" alt=\"\" width=\"392\" height=\"90\" class=\"alignnone size-full wp-image-4877\" \/><\/a><\/p>\n<\/div>\n<\/div>\n<\/div>\n<\/div>\n<\/div>\n<\/div>\n","protected":false},"excerpt":{"rendered":"<p>Projekt domu jednorodzinnego \/ 2021<\/p>\n","protected":false},"featured_media":9916,"comment_status":"closed","ping_status":"closed","template":"","portfoliosets":[4,48],"class_list":["post-9869","portfolios","type-portfolios","status-publish","has-post-thumbnail","hentry","portfoliosets-archi","portfoliosets-wybrane"],"_links":{"self":[{"href":"https:\/\/www.trzy.be\/index.php?rest_route=\/wp\/v2\/portfolios\/9869","targetHints":{"allow":["GET"]}}],"collection":[{"href":"https:\/\/www.trzy.be\/index.php?rest_route=\/wp\/v2\/portfolios"}],"about":[{"href":"https:\/\/www.trzy.be\/index.php?rest_route=\/wp\/v2\/types\/portfolios"}],"replies":[{"embeddable":true,"href":"https:\/\/www.trzy.be\/index.php?rest_route=%2Fwp%2Fv2%2Fcomments&post=9869"}],"wp:featuredmedia":[{"embeddable":true,"href":"https:\/\/www.trzy.be\/index.php?rest_route=\/wp\/v2\/media\/9916"}],"wp:attachment":[{"href":"https:\/\/www.trzy.be\/index.php?rest_route=%2Fwp%2Fv2%2Fmedia&parent=9869"}],"wp:term":[{"taxonomy":"portfoliosets","embeddable":true,"href":"https:\/\/www.trzy.be\/index.php?rest_route=%2Fwp%2Fv2%2Fportfoliosets&post=9869"}],"curies":[{"name":"wp","href":"https:\/\/api.w.org\/{rel}","templated":true}]}}